{"id":9942,"date":"2024-04-23T16:12:45","date_gmt":"2024-04-23T16:12:45","guid":{"rendered":"https:\/\/hotelbernatcalella.com\/politica-de-privacitat-web\/"},"modified":"2026-02-02T14:51:19","modified_gmt":"2026-02-02T14:51:19","slug":"politica-de-privacitat-web","status":"publish","type":"page","link":"https:\/\/www.hotelbernatcalella.com\/ca\/politica-de-privacitat-web\/","title":{"rendered":"Pol\u00edtica de Privacitat Web"},"content":{"rendered":"\t\t<div data-elementor-type=\"wp-page\" data-elementor-id=\"9942\" class=\"elementor elementor-9942 elementor-3\" data-elementor-post-type=\"page\">\n\t\t\t\t<div class=\"elementor-element elementor-element-6a4c36da e-flex e-con-boxed e-con e-parent\" data-id=\"6a4c36da\" data-element_type=\"container\" data-e-type=\"container\">\n\t\t\t\t\t<div class=\"e-con-inner\">\n\t\t\t\t<div class=\"elementor-element elementor-element-4231a5b5 elementor-widget elementor-widget-text-editor\" data-id=\"4231a5b5\" data-element_type=\"widget\" data-e-type=\"widget\" data-widget_type=\"text-editor.default\">\n\t\t\t\t\t\t\t\t\t<h1><strong>Pol\u00edtica de Privacitat Web<\/strong><\/h1><p><span data-contrast=\"auto\">De conformitat amb el Reglament (UE) 2016\/679, aix\u00ed com amb la Llei Org\u00e0nica 3\/2018, de 5 de desembre, de Protecci\u00f3 de Dades Personals i garantia dels drets digitals (LOPDGDD), com a Responsable del Tractament de les dades personals proporcionades, li facilitem la seg\u00fcent informaci\u00f3:<\/span><span data-ccp-props=\"{}\"> <\/span><\/p><p><b><span data-contrast=\"auto\">Responsable del Tractament: <\/span><\/b><br><span data-contrast=\"auto\">Ra\u00f3 Social: VALOM, S.L. <\/span><br><span data-contrast=\"auto\">NIF: B08815904 <\/span><br>Adre\u00e7a: Avinguda del Turisme, 42-44, 08370 Calella (Barcelona) <br><span data-contrast=\"auto\">Correu electr\u00f2nic: <\/span><a href=\"mailto:rgpd@hotelbernat.com\">rgpd@hotelbernat.com<\/a><span data-ccp-props=\"{}\"> <\/span><\/p><p><b><span data-contrast=\"auto\">Finalitat i legitimaci\u00f3: <\/span><\/b><br><span data-contrast=\"auto\">Tractem les dades personals per a: <\/span><span data-ccp-props=\"{}\"> <\/span><\/p><ul><li aria-setsize=\"-1\" data-leveltext=\"\uf0b7\" data-font=\"Symbol\" data-listid=\"4\" data-list-defn-props=\"{\"335552541\":1,\"335559685\":720,\"335559991\":360,\"469769226\":\"Symbol\",\"469769242\":[8226],\"469777803\":\"left\",\"469777804\":\"\uf0b7\",\"469777815\":\"multilevel\"}\" data-aria-posinset=\"1\" data-aria-level=\"1\"><span data-contrast=\"auto\">Fer el check-in de l&#8217;estada a l&#8217;hotel. <\/span><span data-ccp-props=\"{}\"> <\/span><\/li><\/ul><ul><li aria-setsize=\"-1\" data-leveltext=\"\uf0b7\" data-font=\"Symbol\" data-listid=\"4\" data-list-defn-props=\"{\"335552541\":1,\"335559685\":720,\"335559991\":360,\"469769226\":\"Symbol\",\"469769242\":[8226],\"469777803\":\"left\",\"469777804\":\"\uf0b7\",\"469777815\":\"multilevel\"}\" data-aria-posinset=\"2\" data-aria-level=\"1\"><span data-contrast=\"auto\">Aplicar descomptes en futures reserves. <\/span><span data-ccp-props=\"{}\"> <\/span><\/li><\/ul><ul><li aria-setsize=\"-1\" data-leveltext=\"\uf0b7\" data-font=\"Symbol\" data-listid=\"4\" data-list-defn-props=\"{\"335552541\":1,\"335559685\":720,\"335559991\":360,\"469769226\":\"Symbol\",\"469769242\":[8226],\"469777803\":\"left\",\"469777804\":\"\uf0b7\",\"469777815\":\"multilevel\"}\" data-aria-posinset=\"3\" data-aria-level=\"1\"><span data-contrast=\"auto\">Sol\u00b7licitar enquestes de satisfacci\u00f3.<\/span><span data-ccp-props=\"{}\"> <\/span><\/li><\/ul><p><b><span data-contrast=\"auto\">Conservaci\u00f3 de les dades: <\/span><\/b><br><span data-contrast=\"auto\">Les dades es conservaran mentre siguin necess\u00e0ries per a les finalitats recollides, excepte obligaci\u00f3 legal. <\/span><br><span data-contrast=\"auto\">Les dades de correu electr\u00f2nic es conservaran mentre l\u2019usuari no revoqui el seu consentiment o en sol\u00b7liciti la supressi\u00f3.<\/span><span data-ccp-props=\"{}\"> <\/span><\/p><p><b><span data-contrast=\"auto\">Destinataris: <\/span><\/b><br><span data-contrast=\"auto\">Les dades es podran cedir a: <\/span><span data-ccp-props=\"{}\"> <\/span><\/p><ul><li aria-setsize=\"-1\" data-leveltext=\"\uf0b7\" data-font=\"Symbol\" data-listid=\"5\" data-list-defn-props=\"{\"335552541\":1,\"335559685\":720,\"335559991\":360,\"469769226\":\"Symbol\",\"469769242\":[8226],\"469777803\":\"left\",\"469777804\":\"\uf0b7\",\"469777815\":\"multilevel\"}\" data-aria-posinset=\"1\" data-aria-level=\"1\"><span data-contrast=\"auto\">Forces de seguretat, en compliment de la Llei Org\u00e0nica 4\/2015.<\/span><span data-ccp-props=\"{}\"> <\/span><\/li><\/ul><ul><li aria-setsize=\"-1\" data-leveltext=\"\uf0b7\" data-font=\"Symbol\" data-listid=\"5\" data-list-defn-props=\"{\"335552541\":1,\"335559685\":720,\"335559991\":360,\"469769226\":\"Symbol\",\"469769242\":[8226],\"469777803\":\"left\",\"469777804\":\"\uf0b7\",\"469777815\":\"multilevel\"}\" data-aria-posinset=\"2\" data-aria-level=\"1\"><span data-contrast=\"auto\">Altres hotels de la cadena (Hotel Augustus, Hotel C\u00e9sar Augustus i Hotel Tuc Blanc), o empreses col\u00b7laboradores, amb consentiment expr\u00e9s o obligaci\u00f3 legal.<\/span><span data-ccp-props=\"{}\"> <\/span><\/li><\/ul><p><b><span data-contrast=\"auto\">Transfer\u00e8ncies internacionals: <\/span><\/b><br><span data-contrast=\"auto\">No es realitzen transfer\u00e8ncies de dades a pa\u00efsos fora de la UE. <\/span><span data-ccp-props=\"{}\"> <\/span><\/p><p><b><span data-contrast=\"auto\">Mesures de seguretat: <\/span><\/b><br><span data-contrast=\"auto\">VALOM, S.L. aplica mesures t\u00e8cniques i organitzatives per garantir la seguretat de les dades personals i evitar-ne l&#8217;acc\u00e9s no autoritzat, la p\u00e8rdua o alteraci\u00f3. <\/span><span data-ccp-props=\"{}\"> <\/span><\/p><p><b><span data-contrast=\"auto\">Drets de l\u2019interessat:<\/span><\/b><span data-ccp-props=\"{}\"> <\/span><\/p><ul><li aria-setsize=\"-1\" data-leveltext=\"\uf0b7\" data-font=\"Symbol\" data-listid=\"6\" data-list-defn-props=\"{\"335552541\":1,\"335559685\":720,\"335559991\":360,\"469769226\":\"Symbol\",\"469769242\":[8226],\"469777803\":\"left\",\"469777804\":\"\uf0b7\",\"469777815\":\"multilevel\"}\" data-aria-posinset=\"1\" data-aria-level=\"1\"><span data-contrast=\"auto\">Accedir, rectificar i suprimir les seves dades.<\/span><span data-ccp-props=\"{}\"> <\/span><\/li><\/ul><ul><li aria-setsize=\"-1\" data-leveltext=\"\uf0b7\" data-font=\"Symbol\" data-listid=\"6\" data-list-defn-props=\"{\"335552541\":1,\"335559685\":720,\"335559991\":360,\"469769226\":\"Symbol\",\"469769242\":[8226],\"469777803\":\"left\",\"469777804\":\"\uf0b7\",\"469777815\":\"multilevel\"}\" data-aria-posinset=\"2\" data-aria-level=\"1\"><span data-contrast=\"auto\">Limitar o oposar-se al tractament.<\/span><span data-ccp-props=\"{}\"> <\/span><\/li><\/ul><ul><li aria-setsize=\"-1\" data-leveltext=\"\uf0b7\" data-font=\"Symbol\" data-listid=\"6\" data-list-defn-props=\"{\"335552541\":1,\"335559685\":720,\"335559991\":360,\"469769226\":\"Symbol\",\"469769242\":[8226],\"469777803\":\"left\",\"469777804\":\"\uf0b7\",\"469777815\":\"multilevel\"}\" data-aria-posinset=\"3\" data-aria-level=\"1\"><span data-contrast=\"auto\">Sol\u00b7licitar la portabilitat.<\/span><span data-ccp-props=\"{}\"> <\/span><\/li><\/ul><ul><li aria-setsize=\"-1\" data-leveltext=\"\uf0b7\" data-font=\"Symbol\" data-listid=\"6\" data-list-defn-props=\"{\"335552541\":1,\"335559685\":720,\"335559991\":360,\"469769226\":\"Symbol\",\"469769242\":[8226],\"469777803\":\"left\",\"469777804\":\"\uf0b7\",\"469777815\":\"multilevel\"}\" data-aria-posinset=\"4\" data-aria-level=\"1\"><span data-contrast=\"auto\">Retirar el consentiment en qualsevol moment.<\/span><span data-ccp-props=\"{}\"> <\/span><\/li><\/ul><p><span data-contrast=\"auto\">Exercici de drets: <\/span><br><span data-contrast=\"auto\">Adre\u00e7a postal: Avinguda del Turisme, 42-44, 08370 Calella (Barcelona) <\/span><br><span data-contrast=\"auto\">Correu electr\u00f2nic:<\/span> <a href=\"mailto:rgpd@hotelbernat.com\"><span data-contrast=\"none\">rgpd@hotelbernat.com<\/span><\/a> <span data-ccp-props=\"{}\"> <\/span><\/p><p><span data-contrast=\"auto\">Reclamaci\u00f3: <\/span><a href=\"https:\/\/url.avanan.click\/v2\/r02\/___http:\/\/www.sedeagpd.gob.es___.YXAxZTp0YXJpbmFzMTphOm86NGZjMDFlZjAwY2Y3MmNmNzJlMTZiMjYyOGIwMDJhYjI6Nzo1ZmY3OjhiZDJmOTQzZDVmZmFmZmRhOGFhYmJjYzRiM2VjM2FiNjhmYWVhNjI2M2ZhNDZkNDViZDUzNmI2NWFkYjNkMmY6cDpUOkY\"><span data-contrast=\"none\">www.sedeagpd.gob.es<\/span><\/a><span data-contrast=\"auto\"> o C\/ Jorge Juan, 6, 28001 Madrid.<\/span><span data-ccp-props=\"{}\"> <\/span><\/p><p><b><span data-contrast=\"auto\">Informaci\u00f3 addicional:<\/span><\/b><span data-contrast=\"auto\"> <\/span><a href=\"https:\/\/url.avanan.click\/v2\/r02\/___http:\/\/www.hotelbernatcalella.com___.YXAxZTp0YXJpbmFzMTphOm86NGZjMDFlZjAwY2Y3MmNmNzJlMTZiMjYyOGIwMDJhYjI6NzplZDQ5OmUyMjg2OWQxMTQ3YTQ3MDA2NzUxNjk2MGIxMjRlNjY0OTcyYzVjMmJmZWMyM2E4MzE3ZTY2OGYyMmNiYTBmMDc6cDpUOkY\"><span data-contrast=\"none\">www.hotelbernatcalella.com<\/span><\/a><span data-ccp-props=\"{}\"> <\/span><\/p><p><span data-ccp-props=\"{}\"> <\/span><\/p><p><b><span data-contrast=\"auto\">CONDICIONS DE PARKING<\/span><\/b><span data-ccp-props=\"{}\"> <\/span><\/p><p><span data-contrast=\"auto\">L\u2019hotel no es fa responsable dels danys materials als vehicles, accessoris o objectes personals dins del vehicle, derivats de robatori, intent de robatori o actes vand\u00e0lics.<\/span><span data-ccp-props=\"{}\"> <\/span><\/p><p><span data-ccp-props=\"{}\"> <\/span><\/p><p><b><span data-contrast=\"auto\">CONDICIONS CAIXA DE SEGURETAT<\/span><\/b><span data-ccp-props=\"{}\"> <\/span><\/p><p><span data-contrast=\"auto\">L\u2019hotel nom\u00e9s respon pels diners en efectiu, joies o objectes de valor dipositats a les caixes de seguretat de l\u2019habitaci\u00f3, amb un m\u00e0xim de 1.500 EUR.<\/span><span data-ccp-props=\"{}\"> <\/span><\/p>\t\t\t\t\t\t\t\t<\/div>\n\t\t\t\t\t<\/div>\n\t\t\t\t<\/div>\n\t\t\t\t<\/div>\n\t\t","protected":false},"excerpt":{"rendered":"<p>Pol\u00edtica de Privacitat Web De conformitat amb el Reglament (UE) 2016\/679, aix\u00ed com amb la Llei Org\u00e0nica 3\/2018, de 5 de desembre, de Protecci\u00f3 de Dades Personals i garantia dels drets digitals (LOPDGDD), com a Responsable del Tractament de les dades personals proporcionades, li facilitem la seg\u00fcent informaci\u00f3: Responsable del Tractament: Ra\u00f3 Social: VALOM, S.L. &#8230;<\/p>\n","protected":false},"author":1,"featured_media":15428,"parent":0,"menu_order":0,"comment_status":"closed","ping_status":"open","template":"elementor_theme","meta":{"cozystay_single_page_hide_site_header":"","cozystay_single_page_site_header_source":"","cozystay_single_page_custom_site_header":"0","cozystay_single_page_custom_sticky_site_header":"0","cozystay_single_page_hide_page_title":"","cozystay_single_page_header_section_size":"","cozystay_single_page_header_background_color":"","cozystay_single_page_header_background_position_x":"center","cozystay_single_page_header_background_position_y":"center","cozystay_single_page_header_background_size":"cover","cozystay_single_page_header_background_repeat":"off","cozystay_single_page_header_background_scroll":"on","cozystay_single_page_header_text_color":"","cozystay_single_page_header_show_breadcrumb":"","cozystay_single_page_site_footer_hide_main":"","cozystay_single_custom_site_footer_main_source":"","cozystay_single_custom_site_footer_main":"0","cozystay_single_page_site_footer_hide_above":"","cozystay_single_custom_site_footer_above_source":"","cozystay_single_custom_site_footer_above":"0","cozystay_single_page_site_footer_hide_instagram":"","cozystay_single_page_site_footer_hide_bottom":"","cozystay_single_custom_mobile_menu_source":"","cozystay_single_custom_mobile_menu":"0","cozystay_single_custom_mobile_menu_animation":"","cozystay_single_custom_mobile_menu_width":"","cozystay_single_custom_mobile_menu_custom_width":375,"footnotes":""},"class_list":["post-9942","page","type-page","status-publish","has-post-thumbnail","hentry"],"yoast_head":"<!-- This site is optimized with the Yoast SEO plugin v27.1.1 - https:\/\/yoast.com\/product\/yoast-seo-wordpress\/ -->\n<title>Pol\u00edtica de Privacitat Web | Hotel Bernat II<\/title>\n<meta name=\"robots\" content=\"index, follow, max-snippet:-1, max-image-preview:large, max-video-preview:-1\" \/>\n<link rel=\"canonical\" href=\"https:\/\/www.hotelbernatcalella.com\/ca\/politica-de-privacitat-web\/\" \/>\n<meta property=\"og:locale\" content=\"ca_ES\" \/>\n<meta property=\"og:type\" content=\"article\" \/>\n<meta property=\"og:title\" content=\"Pol\u00edtica de Privacitat Web | Hotel Bernat II\" \/>\n<meta property=\"og:description\" content=\"Pol\u00edtica de Privacitat Web De conformitat amb el Reglament (UE) 2016\/679, aix\u00ed com amb la Llei Org\u00e0nica 3\/2018, de 5 de desembre, de Protecci\u00f3 de Dades Personals i garantia dels drets digitals (LOPDGDD), com a Responsable del Tractament de les dades personals proporcionades, li facilitem la seg\u00fcent informaci\u00f3: Responsable del Tractament: Ra\u00f3 Social: VALOM, S.L. ...\" \/>\n<meta property=\"og:url\" content=\"https:\/\/www.hotelbernatcalella.com\/ca\/politica-de-privacitat-web\/\" \/>\n<meta property=\"og:site_name\" content=\"Hotel Bernat II\" \/>\n<meta property=\"article:modified_time\" content=\"2026-02-02T14:51:19+00:00\" \/>\n<meta property=\"og:image\" content=\"https:\/\/hotelbernatcalella.com\/wp-content\/uploads\/2025\/06\/recepcion-hotel-bernat-2.webp\" \/>\n\t<meta property=\"og:image:width\" content=\"1024\" \/>\n\t<meta property=\"og:image:height\" content=\"768\" \/>\n\t<meta property=\"og:image:type\" content=\"image\/webp\" \/>\n<meta name=\"twitter:card\" content=\"summary_large_image\" \/>\n<meta name=\"twitter:label1\" content=\"Temps estimat de lectura\" \/>\n\t<meta name=\"twitter:data1\" content=\"2 minuts\" \/>\n<script type=\"application\/ld+json\" class=\"yoast-schema-graph\">{\"@context\":\"https:\/\/schema.org\",\"@graph\":[{\"@type\":\"WebPage\",\"@id\":\"https:\/\/www.hotelbernatcalella.com\/ca\/politica-de-privacitat-web\/\",\"url\":\"https:\/\/www.hotelbernatcalella.com\/ca\/politica-de-privacitat-web\/\",\"name\":\"Pol\u00edtica de Privacitat Web | Hotel Bernat II\",\"isPartOf\":{\"@id\":\"https:\/\/www.hotelbernatcalella.com\/ca\/#website\"},\"primaryImageOfPage\":{\"@id\":\"https:\/\/www.hotelbernatcalella.com\/ca\/politica-de-privacitat-web\/#primaryimage\"},\"image\":{\"@id\":\"https:\/\/www.hotelbernatcalella.com\/ca\/politica-de-privacitat-web\/#primaryimage\"},\"thumbnailUrl\":\"https:\/\/www.hotelbernatcalella.com\/wp-content\/uploads\/2025\/06\/recepcion-hotel-bernat-2.webp\",\"datePublished\":\"2024-04-23T16:12:45+00:00\",\"dateModified\":\"2026-02-02T14:51:19+00:00\",\"breadcrumb\":{\"@id\":\"https:\/\/www.hotelbernatcalella.com\/ca\/politica-de-privacitat-web\/#breadcrumb\"},\"inLanguage\":\"ca\",\"potentialAction\":[{\"@type\":\"ReadAction\",\"target\":[\"https:\/\/www.hotelbernatcalella.com\/ca\/politica-de-privacitat-web\/\"]}]},{\"@type\":\"ImageObject\",\"inLanguage\":\"ca\",\"@id\":\"https:\/\/www.hotelbernatcalella.com\/ca\/politica-de-privacitat-web\/#primaryimage\",\"url\":\"https:\/\/www.hotelbernatcalella.com\/wp-content\/uploads\/2025\/06\/recepcion-hotel-bernat-2.webp\",\"contentUrl\":\"https:\/\/www.hotelbernatcalella.com\/wp-content\/uploads\/2025\/06\/recepcion-hotel-bernat-2.webp\",\"width\":1024,\"height\":768,\"caption\":\"recepcion-hotel-bernat-2\"},{\"@type\":\"BreadcrumbList\",\"@id\":\"https:\/\/www.hotelbernatcalella.com\/ca\/politica-de-privacitat-web\/#breadcrumb\",\"itemListElement\":[{\"@type\":\"ListItem\",\"position\":1,\"name\":\"Portada\",\"item\":\"https:\/\/hotelbernatcalella.com\/ca\/\"},{\"@type\":\"ListItem\",\"position\":2,\"name\":\"Pol\u00edtica de Privacitat Web\"}]},{\"@type\":\"WebSite\",\"@id\":\"https:\/\/www.hotelbernatcalella.com\/ca\/#website\",\"url\":\"https:\/\/www.hotelbernatcalella.com\/ca\/\",\"name\":\"Hotel Bernat II & Spa Calella\",\"description\":\"Hotel en Calella\",\"alternateName\":\"Hotel Bernat II & Spa\",\"potentialAction\":[{\"@type\":\"SearchAction\",\"target\":{\"@type\":\"EntryPoint\",\"urlTemplate\":\"https:\/\/www.hotelbernatcalella.com\/ca\/?s={search_term_string}\"},\"query-input\":{\"@type\":\"PropertyValueSpecification\",\"valueRequired\":true,\"valueName\":\"search_term_string\"}}],\"inLanguage\":\"ca\"}]}<\/script>\n<!-- \/ Yoast SEO plugin. -->","yoast_head_json":{"title":"Pol\u00edtica de Privacitat Web | Hotel Bernat II","robots":{"index":"index","follow":"follow","max-snippet":"max-snippet:-1","max-image-preview":"max-image-preview:large","max-video-preview":"max-video-preview:-1"},"canonical":"https:\/\/www.hotelbernatcalella.com\/ca\/politica-de-privacitat-web\/","og_locale":"ca_ES","og_type":"article","og_title":"Pol\u00edtica de Privacitat Web | Hotel Bernat II","og_description":"Pol\u00edtica de Privacitat Web De conformitat amb el Reglament (UE) 2016\/679, aix\u00ed com amb la Llei Org\u00e0nica 3\/2018, de 5 de desembre, de Protecci\u00f3 de Dades Personals i garantia dels drets digitals (LOPDGDD), com a Responsable del Tractament de les dades personals proporcionades, li facilitem la seg\u00fcent informaci\u00f3: Responsable del Tractament: Ra\u00f3 Social: VALOM, S.L. ...","og_url":"https:\/\/www.hotelbernatcalella.com\/ca\/politica-de-privacitat-web\/","og_site_name":"Hotel Bernat II","article_modified_time":"2026-02-02T14:51:19+00:00","og_image":[{"width":1024,"height":768,"url":"https:\/\/hotelbernatcalella.com\/wp-content\/uploads\/2025\/06\/recepcion-hotel-bernat-2.webp","type":"image\/webp"}],"twitter_card":"summary_large_image","twitter_misc":{"Temps estimat de lectura":"2 minuts"},"schema":{"@context":"https:\/\/schema.org","@graph":[{"@type":"WebPage","@id":"https:\/\/www.hotelbernatcalella.com\/ca\/politica-de-privacitat-web\/","url":"https:\/\/www.hotelbernatcalella.com\/ca\/politica-de-privacitat-web\/","name":"Pol\u00edtica de Privacitat Web | Hotel Bernat II","isPartOf":{"@id":"https:\/\/www.hotelbernatcalella.com\/ca\/#website"},"primaryImageOfPage":{"@id":"https:\/\/www.hotelbernatcalella.com\/ca\/politica-de-privacitat-web\/#primaryimage"},"image":{"@id":"https:\/\/www.hotelbernatcalella.com\/ca\/politica-de-privacitat-web\/#primaryimage"},"thumbnailUrl":"https:\/\/www.hotelbernatcalella.com\/wp-content\/uploads\/2025\/06\/recepcion-hotel-bernat-2.webp","datePublished":"2024-04-23T16:12:45+00:00","dateModified":"2026-02-02T14:51:19+00:00","breadcrumb":{"@id":"https:\/\/www.hotelbernatcalella.com\/ca\/politica-de-privacitat-web\/#breadcrumb"},"inLanguage":"ca","potentialAction":[{"@type":"ReadAction","target":["https:\/\/www.hotelbernatcalella.com\/ca\/politica-de-privacitat-web\/"]}]},{"@type":"ImageObject","inLanguage":"ca","@id":"https:\/\/www.hotelbernatcalella.com\/ca\/politica-de-privacitat-web\/#primaryimage","url":"https:\/\/www.hotelbernatcalella.com\/wp-content\/uploads\/2025\/06\/recepcion-hotel-bernat-2.webp","contentUrl":"https:\/\/www.hotelbernatcalella.com\/wp-content\/uploads\/2025\/06\/recepcion-hotel-bernat-2.webp","width":1024,"height":768,"caption":"recepcion-hotel-bernat-2"},{"@type":"BreadcrumbList","@id":"https:\/\/www.hotelbernatcalella.com\/ca\/politica-de-privacitat-web\/#breadcrumb","itemListElement":[{"@type":"ListItem","position":1,"name":"Portada","item":"https:\/\/hotelbernatcalella.com\/ca\/"},{"@type":"ListItem","position":2,"name":"Pol\u00edtica de Privacitat Web"}]},{"@type":"WebSite","@id":"https:\/\/www.hotelbernatcalella.com\/ca\/#website","url":"https:\/\/www.hotelbernatcalella.com\/ca\/","name":"Hotel Bernat II & Spa Calella","description":"Hotel en Calella","alternateName":"Hotel Bernat II & Spa","potentialAction":[{"@type":"SearchAction","target":{"@type":"EntryPoint","urlTemplate":"https:\/\/www.hotelbernatcalella.com\/ca\/?s={search_term_string}"},"query-input":{"@type":"PropertyValueSpecification","valueRequired":true,"valueName":"search_term_string"}}],"inLanguage":"ca"}]}},"_links":{"self":[{"href":"https:\/\/www.hotelbernatcalella.com\/ca\/wp-json\/wp\/v2\/pages\/9942","targetHints":{"allow":["GET"]}}],"collection":[{"href":"https:\/\/www.hotelbernatcalella.com\/ca\/wp-json\/wp\/v2\/pages"}],"about":[{"href":"https:\/\/www.hotelbernatcalella.com\/ca\/wp-json\/wp\/v2\/types\/page"}],"author":[{"embeddable":true,"href":"https:\/\/www.hotelbernatcalella.com\/ca\/wp-json\/wp\/v2\/users\/1"}],"replies":[{"embeddable":true,"href":"https:\/\/www.hotelbernatcalella.com\/ca\/wp-json\/wp\/v2\/comments?post=9942"}],"version-history":[{"count":2,"href":"https:\/\/www.hotelbernatcalella.com\/ca\/wp-json\/wp\/v2\/pages\/9942\/revisions"}],"predecessor-version":[{"id":19662,"href":"https:\/\/www.hotelbernatcalella.com\/ca\/wp-json\/wp\/v2\/pages\/9942\/revisions\/19662"}],"wp:featuredmedia":[{"embeddable":true,"href":"https:\/\/www.hotelbernatcalella.com\/ca\/wp-json\/wp\/v2\/media\/15428"}],"wp:attachment":[{"href":"https:\/\/www.hotelbernatcalella.com\/ca\/wp-json\/wp\/v2\/media?parent=9942"}],"curies":[{"name":"wp","href":"https:\/\/api.w.org\/{rel}","templated":true}]}}