{"id":10632,"date":"2024-09-26T10:36:40","date_gmt":"2024-09-26T10:36:40","guid":{"rendered":"https:\/\/hotelbernatcalella.com\/vacances-en-familia\/"},"modified":"2025-08-13T10:36:36","modified_gmt":"2025-08-13T10:36:36","slug":"vacances-en-familia","status":"publish","type":"page","link":"https:\/\/www.hotelbernatcalella.com\/ca\/vacances-en-familia\/","title":{"rendered":"Vacances en Fam\u00edlia"},"content":{"rendered":"\t\t<div data-elementor-type=\"wp-page\" data-elementor-id=\"10632\" class=\"elementor elementor-10632 elementor-5382\" data-elementor-post-type=\"page\">\n\t\t\t\t\t\t<section class=\"elementor-section elementor-top-section elementor-element elementor-element-45fac64a elementor-section-height-min-height cs-section-content-fullwidth cs-parallax-on-scroll cs_scroll_y_80 elementor-section-boxed elementor-section-height-default elementor-section-items-middle\" data-id=\"45fac64a\" data-element_type=\"section\" data-e-type=\"section\" data-settings=\"{&quot;background_background&quot;:&quot;classic&quot;}\" data-cs-parallax-y=\"80\" style=\"background-image: none;\" data-cs-background-image=\"https:\/\/www.hotelbernatcalella.com\/wp-content\/uploads\/2025\/06\/vacaciones-familia-calella.webp\" data-cs-background-image-alt-text=\"\">\n\t\t\t\t\t\t\t<div class=\"elementor-background-overlay\"><\/div>\n\t\t\t\t\t\t\t<div class=\"elementor-container elementor-column-gap-no\">\n\t\t\t\t\t<div class=\"elementor-column elementor-col-100 elementor-top-column elementor-element elementor-element-7d85fca1 dark-color\" data-id=\"7d85fca1\" data-element_type=\"column\" data-e-type=\"column\">\n\t\t\t<div class=\"elementor-widget-wrap elementor-element-populated\">\n\t\t\t\t\t\t<div class=\"elementor-element elementor-element-3890ab8b elementor-widget elementor-widget-cs_title\" data-id=\"3890ab8b\" data-element_type=\"widget\" data-e-type=\"widget\" data-widget_type=\"cs_title.default\">\n\t\t\t\t<div class=\"elementor-widget-container\">\n\t\t\t\t\t\n        <div class=\"cs-title-wrap text-center\">\t            <h1 class=\"cs-title\">\n\t                Vacances en fam\u00edlia a Calella\t            <\/h1>\t            <div class=\"cs-title-text\">\n\t                <p>Unes vacances en fam\u00edlia a Calella amb la millor companyia possible. T&#8217;hi apuntes? <\/p>\t            <\/div>        <\/div>\t\t\t\t<\/div>\n\t\t\t\t<\/div>\n\t\t\t\t\t<\/div>\n\t\t<\/div>\n\t\t\t\t\t<\/div>\n\t\t<\/section>\n\t\t\t\t<section class=\"elementor-section elementor-top-section elementor-element elementor-element-457404d cs-section-content-fullwidth elementor-section-content-middle elementor-section-boxed elementor-section-height-default elementor-section-height-default\" data-id=\"457404d\" data-element_type=\"section\" data-e-type=\"section\" data-settings=\"{&quot;background_background&quot;:&quot;classic&quot;}\">\n\t\t\t\t\t\t<div class=\"elementor-container elementor-column-gap-no\">\n\t\t\t\t\t<div class=\"elementor-column elementor-col-100 elementor-top-column elementor-element elementor-element-cf3811c\" data-id=\"cf3811c\" data-element_type=\"column\" data-e-type=\"column\">\n\t\t\t<div class=\"elementor-widget-wrap elementor-element-populated\">\n\t\t\t\t\t\t<div class=\"elementor-element elementor-element-764b71f elementor-widget elementor-widget-cs_title\" data-id=\"764b71f\" data-element_type=\"widget\" data-e-type=\"widget\" data-widget_type=\"cs_title.default\">\n\t\t\t\t<div class=\"elementor-widget-container\">\n\t\t\t\t\t\n        <div class=\"cs-title-wrap text-center\">\t            <h3 class=\"cs-title\">\n\t                Vacances en fam\u00edlia a Calella\t            <\/h3>\t            <div class=\"cs-title-text\">\n\t                <p>L&#8217;Hotel Bernat II ha estat premiat amb el segell de Destinaci\u00f3 de Turisme Familiar.<br>Si passes les vacances en fam\u00edlia a Calella amb nosaltres podr\u00e0s gaudir de diferents activitats, tant a l&#8217;hotel com a Calella.<\/p>\t            <\/div>        <\/div>\t\t\t\t<\/div>\n\t\t\t\t<\/div>\n\t\t\t\t\t<\/div>\n\t\t<\/div>\n\t\t\t\t\t<\/div>\n\t\t<\/section>\n\t\t\t\t<section class=\"elementor-section elementor-top-section elementor-element elementor-element-ae40afd cs-section-content-fullwidth elementor-section-boxed elementor-section-height-default elementor-section-height-default\" data-id=\"ae40afd\" data-element_type=\"section\" data-e-type=\"section\">\n\t\t\t\t\t\t<div class=\"elementor-container elementor-column-gap-default\">\n\t\t\t\t\t<div class=\"elementor-column elementor-col-33 elementor-top-column elementor-element elementor-element-0ae8a87\" data-id=\"0ae8a87\" data-element_type=\"column\" data-e-type=\"column\">\n\t\t\t<div class=\"elementor-widget-wrap elementor-element-populated\">\n\t\t\t\t\t\t<div class=\"elementor-element elementor-element-7eb3c7b elementor-widget elementor-widget-cs_call_to_action\" data-id=\"7eb3c7b\" data-element_type=\"widget\" data-e-type=\"widget\" data-settings=\"{&quot;overlay_background&quot;:&quot;gradient&quot;}\" data-widget_type=\"cs_call_to_action.default\">\n\t\t\t\t<div class=\"elementor-widget-container\">\n\t\t\t\t\t\n\t\t<div class=\"cs-cta cta-layout-text-overlap content-middle dark-color text-center cta-hover-img-zoom\">\n            <div class=\"cs-cta-wrap\">\t\t               \t<div class=\"cs-cta-img\">\n\t\t                    <img fetchpriority=\"high\" decoding=\"async\" width=\"651\" height=\"976\" src=\"https:\/\/www.hotelbernatcalella.com\/wp-content\/uploads\/2025\/06\/miniclub-hotel-calella.webp\" class=\"attachment-full size-full wp-image-14960\" alt=\"miniclub hotel calella\" srcset=\"https:\/\/www.hotelbernatcalella.com\/wp-content\/uploads\/2025\/06\/miniclub-hotel-calella.webp 651w, https:\/\/www.hotelbernatcalella.com\/wp-content\/uploads\/2025\/06\/miniclub-hotel-calella-200x300.webp 200w, https:\/\/www.hotelbernatcalella.com\/wp-content\/uploads\/2025\/06\/miniclub-hotel-calella-600x900.webp 600w, https:\/\/www.hotelbernatcalella.com\/wp-content\/uploads\/2025\/06\/miniclub-hotel-calella-550x825.webp 550w, https:\/\/www.hotelbernatcalella.com\/wp-content\/uploads\/2025\/06\/miniclub-hotel-calella-370x555.webp 370w, https:\/\/www.hotelbernatcalella.com\/wp-content\/uploads\/2025\/06\/miniclub-hotel-calella-255x382.webp 255w\" sizes=\"(max-width: 651px) 100vw, 651px\" \/>\t\t                <\/div>                <div class=\"cs-cta-overlay\"><\/div>\n                <div class=\"cs-cta-content\">\t\t            <h6 class=\"cs-cta-title cs-title\">\n\t\t                Activitats per a nens\t\t            <\/h6>\t\t            <div class=\"cs-cta-text\">\n\t\t                <p style=\"text-align: center;\">L\u00b4hotel disposa d\u00b4un miniclub i d\u00b4animaci\u00f3 infantil als mesos d\u00b4estiu, a m\u00e9s d\u00b4una \u00e0mplia oferta d\u00b4activitats familiars a Calella, especialment al\u00b4estiu, moltes de les quals s\u00f3n gratu\u00eftes i perfectes per descobrir la zona.<\/p>\t\t            <\/div>\t\t\t<\/div>                <a class=\"cs-cta-link\" href=\"https:\/\/hotelbernatcalella.com\/ca\/serveis\/\" target=\"_blank\" aria-label=\"Call to Action Link\"><\/a>            <\/div>\n        <\/div>\t\t\t\t<\/div>\n\t\t\t\t<\/div>\n\t\t\t\t\t<\/div>\n\t\t<\/div>\n\t\t\t\t<div class=\"elementor-column elementor-col-33 elementor-top-column elementor-element elementor-element-5f42365\" data-id=\"5f42365\" data-element_type=\"column\" data-e-type=\"column\">\n\t\t\t<div class=\"elementor-widget-wrap elementor-element-populated\">\n\t\t\t\t\t\t<div class=\"elementor-element elementor-element-97bc956 elementor-widget elementor-widget-cs_call_to_action\" data-id=\"97bc956\" data-element_type=\"widget\" data-e-type=\"widget\" data-settings=\"{&quot;overlay_background&quot;:&quot;gradient&quot;}\" data-widget_type=\"cs_call_to_action.default\">\n\t\t\t\t<div class=\"elementor-widget-container\">\n\t\t\t\t\t\n\t\t<div class=\"cs-cta cta-layout-text-overlap content-middle dark-color text-center cta-hover-img-zoom\">\n            <div class=\"cs-cta-wrap\">\t\t               \t<div class=\"cs-cta-img\">\n\t\t                    <img decoding=\"async\" width=\"651\" height=\"976\" src=\"https:\/\/www.hotelbernatcalella.com\/wp-content\/uploads\/2025\/06\/hotel-piscina-calella-barcelona-1.webp\" class=\"attachment-full size-full wp-image-14967\" alt=\"hotel piscina calella barcelona\" srcset=\"https:\/\/www.hotelbernatcalella.com\/wp-content\/uploads\/2025\/06\/hotel-piscina-calella-barcelona-1.webp 651w, https:\/\/www.hotelbernatcalella.com\/wp-content\/uploads\/2025\/06\/hotel-piscina-calella-barcelona-1-200x300.webp 200w, https:\/\/www.hotelbernatcalella.com\/wp-content\/uploads\/2025\/06\/hotel-piscina-calella-barcelona-1-600x900.webp 600w, https:\/\/www.hotelbernatcalella.com\/wp-content\/uploads\/2025\/06\/hotel-piscina-calella-barcelona-1-550x825.webp 550w, https:\/\/www.hotelbernatcalella.com\/wp-content\/uploads\/2025\/06\/hotel-piscina-calella-barcelona-1-370x555.webp 370w, https:\/\/www.hotelbernatcalella.com\/wp-content\/uploads\/2025\/06\/hotel-piscina-calella-barcelona-1-255x382.webp 255w\" sizes=\"(max-width: 651px) 100vw, 651px\" \/>\t\t                <\/div>                <div class=\"cs-cta-overlay\"><\/div>\n                <div class=\"cs-cta-content\">\t\t            <h6 class=\"cs-cta-title cs-title\">\n\t\t                Piscina i platja per a tota la fam\u00edlia\t\t            <\/h6>\t\t            <div class=\"cs-cta-text\">\n\t\t                <p style=\"text-align: center;\">Gaudeix de la piscina de l\u2019hotel, ideal per relaxar-te i divertir-te amb els m\u00e9s petits, o de la platja, a nom\u00e9s uns passos, perfecta per a capbussades i jocs al Mediterrani.<\/p>\t\t            <\/div>\t\t\t<\/div>                <a class=\"cs-cta-link\" href=\"https:\/\/hotelbernatcalella.com\/ca\/serveis\/\" target=\"_blank\" aria-label=\"Call to Action Link\"><\/a>            <\/div>\n        <\/div>\t\t\t\t<\/div>\n\t\t\t\t<\/div>\n\t\t\t\t\t<\/div>\n\t\t<\/div>\n\t\t\t\t<div class=\"elementor-column elementor-col-33 elementor-top-column elementor-element elementor-element-c9e2da0\" data-id=\"c9e2da0\" data-element_type=\"column\" data-e-type=\"column\">\n\t\t\t<div class=\"elementor-widget-wrap elementor-element-populated\">\n\t\t\t\t\t\t<div class=\"elementor-element elementor-element-3b128ec elementor-widget elementor-widget-cs_call_to_action\" data-id=\"3b128ec\" data-element_type=\"widget\" data-e-type=\"widget\" data-settings=\"{&quot;overlay_background&quot;:&quot;gradient&quot;}\" data-widget_type=\"cs_call_to_action.default\">\n\t\t\t\t<div class=\"elementor-widget-container\">\n\t\t\t\t\t\n\t\t<div class=\"cs-cta cta-layout-text-overlap content-middle dark-color text-center cta-hover-img-zoom\">\n            <div class=\"cs-cta-wrap\">\t\t               \t<div class=\"cs-cta-img\">\n\t\t                    <img decoding=\"async\" width=\"651\" height=\"976\" src=\"https:\/\/www.hotelbernatcalella.com\/wp-content\/uploads\/2025\/06\/actividades-verano-calella-mar.webp\" class=\"attachment-full size-full wp-image-14974\" alt=\"actividades verano calella mar\" srcset=\"https:\/\/www.hotelbernatcalella.com\/wp-content\/uploads\/2025\/06\/actividades-verano-calella-mar.webp 651w, https:\/\/www.hotelbernatcalella.com\/wp-content\/uploads\/2025\/06\/actividades-verano-calella-mar-200x300.webp 200w, https:\/\/www.hotelbernatcalella.com\/wp-content\/uploads\/2025\/06\/actividades-verano-calella-mar-600x900.webp 600w, https:\/\/www.hotelbernatcalella.com\/wp-content\/uploads\/2025\/06\/actividades-verano-calella-mar-550x825.webp 550w, https:\/\/www.hotelbernatcalella.com\/wp-content\/uploads\/2025\/06\/actividades-verano-calella-mar-370x555.webp 370w, https:\/\/www.hotelbernatcalella.com\/wp-content\/uploads\/2025\/06\/actividades-verano-calella-mar-255x382.webp 255w\" sizes=\"(max-width: 651px) 100vw, 651px\" \/>\t\t                <\/div>                <div class=\"cs-cta-overlay\"><\/div>\n                <div class=\"cs-cta-content\">\t\t            <h6 class=\"cs-cta-title cs-title\">\n\t\t                Parcs aqu\u00e0tics\t\t            <\/h6>\t\t            <div class=\"cs-cta-text\">\n\t\t                <p style=\"text-align: center;\">Des de Water Games Fun Park, pensat per als m\u00e9s petits, fins a les emocionants atraccions de Water World, els parcs aqu\u00e0tics propers ofereixen diversi\u00f3 assegurada per a tota la fam\u00edlia.<\/p>\t\t            <\/div>\t\t\t<\/div>                <a class=\"cs-cta-link\" href=\"https:\/\/hotelbernatcalella.com\/ca\/serveis\/\" target=\"_blank\" aria-label=\"Call to Action Link\"><\/a>            <\/div>\n        <\/div>\t\t\t\t<\/div>\n\t\t\t\t<\/div>\n\t\t\t\t\t<\/div>\n\t\t<\/div>\n\t\t\t\t\t<\/div>\n\t\t<\/section>\n\t\t<div class=\"elementor-element elementor-element-5b8eeb6 e-con-full e-flex e-con e-parent\" data-id=\"5b8eeb6\" data-element_type=\"container\" data-e-type=\"container\">\n\t\t\t\t<div class=\"elementor-element elementor-element-b767cdd elementor-hidden-mobile elementor-widget elementor-widget-spacer\" data-id=\"b767cdd\" data-element_type=\"widget\" data-e-type=\"widget\" data-widget_type=\"spacer.default\">\n\t\t\t\t\t\t\t<div class=\"elementor-spacer\">\n\t\t\t<div class=\"elementor-spacer-inner\"><\/div>\n\t\t<\/div>\n\t\t\t\t\t\t<\/div>\n\t\t\t\t<div class=\"elementor-element elementor-element-185fa2e elementor-widget elementor-widget-text-editor\" data-id=\"185fa2e\" data-element_type=\"widget\" data-e-type=\"widget\" data-widget_type=\"text-editor.default\">\n\t\t\t\t\t\t\t\t\t<p style=\"text-align: center;\">L\u2019Hotel Bernat II \u00e9s la destinaci\u00f3 perfecta per gaudir d\u2019unes vacances en fam\u00edlia a la Costa Catalana.<\/p>\t\t\t\t\t\t\t\t<\/div>\n\t\t\t\t<\/div>\n\t\t<div class=\"elementor-element elementor-element-6fe9f48 e-con-full elementor-hidden-mobile e-flex e-con e-parent\" data-id=\"6fe9f48\" data-element_type=\"container\" data-e-type=\"container\">\n\t\t<div class=\"elementor-element elementor-element-da81cae e-grid e-con-full e-con e-child\" data-id=\"da81cae\" data-element_type=\"container\" data-e-type=\"container\">\n\t\t\t\t<div class=\"elementor-element elementor-element-e16eb0a elementor-view-default elementor-position-block-start elementor-mobile-position-block-start elementor-widget elementor-widget-icon-box\" data-id=\"e16eb0a\" data-element_type=\"widget\" data-e-type=\"widget\" data-widget_type=\"icon-box.default\">\n\t\t\t\t\t\t\t<div class=\"elementor-icon-box-wrapper\">\n\n\t\t\t\t\t\t<div class=\"elementor-icon-box-icon\">\n\t\t\t\t<span  class=\"elementor-icon\">\n\t\t\t\t<i aria-hidden=\"true\" class=\"flaticon flaticon-bed-3\"><\/i>\t\t\t\t<\/span>\n\t\t\t<\/div>\n\t\t\t\n\t\t\t\t\t\t<div class=\"elementor-icon-box-content\">\n\n\t\t\t\t\n\t\t\t\t\t\t\t\t\t<p class=\"elementor-icon-box-description\">\n\t\t\t\t\t\tHabitacions per a 3 i 4 persones ideals per a fam\u00edlies\t\t\t\t\t<\/p>\n\t\t\t\t\n\t\t\t<\/div>\n\t\t\t\n\t\t<\/div>\n\t\t\t\t\t\t<\/div>\n\t\t\t\t<div class=\"elementor-element elementor-element-c6fe95f elementor-view-default elementor-position-block-start elementor-mobile-position-block-start elementor-widget elementor-widget-icon-box\" data-id=\"c6fe95f\" data-element_type=\"widget\" data-e-type=\"widget\" data-widget_type=\"icon-box.default\">\n\t\t\t\t\t\t\t<div class=\"elementor-icon-box-wrapper\">\n\n\t\t\t\t\t\t<div class=\"elementor-icon-box-icon\">\n\t\t\t\t<span  class=\"elementor-icon\">\n\t\t\t\t<i aria-hidden=\"true\" class=\"flaticon flaticon-baby-crib\"><\/i>\t\t\t\t<\/span>\n\t\t\t<\/div>\n\t\t\t\n\t\t\t\t\t\t<div class=\"elementor-icon-box-content\">\n\n\t\t\t\t\n\t\t\t\t\t\t\t\t\t<p class=\"elementor-icon-box-description\">\n\t\t\t\t\t\tBressol a disposici\u00f3 dels clients\t\t\t\t\t<\/p>\n\t\t\t\t\n\t\t\t<\/div>\n\t\t\t\n\t\t<\/div>\n\t\t\t\t\t\t<\/div>\n\t\t\t\t<div class=\"elementor-element elementor-element-47c568c elementor-view-default elementor-position-block-start elementor-mobile-position-block-start elementor-widget elementor-widget-icon-box\" data-id=\"47c568c\" data-element_type=\"widget\" data-e-type=\"widget\" data-widget_type=\"icon-box.default\">\n\t\t\t\t\t\t\t<div class=\"elementor-icon-box-wrapper\">\n\n\t\t\t\t\t\t<div class=\"elementor-icon-box-icon\">\n\t\t\t\t<span  class=\"elementor-icon\">\n\t\t\t\t<i aria-hidden=\"true\" class=\"flaticon flaticon-spa\"><\/i>\t\t\t\t<\/span>\n\t\t\t<\/div>\n\t\t\t\n\t\t\t\t\t\t<div class=\"elementor-icon-box-content\">\n\n\t\t\t\t\n\t\t\t\t\t\t\t\t\t<p class=\"elementor-icon-box-description\">\n\t\t\t\t\t\tHorari d\u2019spa exclusiu per a fam\u00edlies\t\t\t\t\t<\/p>\n\t\t\t\t\n\t\t\t<\/div>\n\t\t\t\n\t\t<\/div>\n\t\t\t\t\t\t<\/div>\n\t\t\t\t<div class=\"elementor-element elementor-element-6e01ef0 elementor-view-default elementor-position-block-start elementor-mobile-position-block-start elementor-widget elementor-widget-icon-box\" data-id=\"6e01ef0\" data-element_type=\"widget\" data-e-type=\"widget\" data-widget_type=\"icon-box.default\">\n\t\t\t\t\t\t\t<div class=\"elementor-icon-box-wrapper\">\n\n\t\t\t\t\t\t<div class=\"elementor-icon-box-icon\">\n\t\t\t\t<span  class=\"elementor-icon\">\n\t\t\t\t<i aria-hidden=\"true\" class=\"flaticon flaticon-pool\"><\/i>\t\t\t\t<\/span>\n\t\t\t<\/div>\n\t\t\t\n\t\t\t\t\t\t<div class=\"elementor-icon-box-content\">\n\n\t\t\t\t\n\t\t\t\t\t\t\t\t\t<p class=\"elementor-icon-box-description\">\n\t\t\t\t\t\tPiscina exterior per a adults i nens oberta de 10h a 19h\t\t\t\t\t<\/p>\n\t\t\t\t\n\t\t\t<\/div>\n\t\t\t\n\t\t<\/div>\n\t\t\t\t\t\t<\/div>\n\t\t\t\t<div class=\"elementor-element elementor-element-00ad67b elementor-view-default elementor-position-block-start elementor-mobile-position-block-start elementor-widget elementor-widget-icon-box\" data-id=\"00ad67b\" data-element_type=\"widget\" data-e-type=\"widget\" data-widget_type=\"icon-box.default\">\n\t\t\t\t\t\t\t<div class=\"elementor-icon-box-wrapper\">\n\n\t\t\t\t\t\t<div class=\"elementor-icon-box-icon\">\n\t\t\t\t<span  class=\"elementor-icon\">\n\t\t\t\t<i aria-hidden=\"true\" class=\"flaticon flaticon-win\"><\/i>\t\t\t\t<\/span>\n\t\t\t<\/div>\n\t\t\t\n\t\t\t\t\t\t<div class=\"elementor-icon-box-content\">\n\n\t\t\t\t\n\t\t\t\t\t\t\t\t\t<p class=\"elementor-icon-box-description\">\n\t\t\t\t\t\tActivitats i animaci\u00f3 per a tota la fam\u00edlia\t\t\t\t\t<\/p>\n\t\t\t\t\n\t\t\t<\/div>\n\t\t\t\n\t\t<\/div>\n\t\t\t\t\t\t<\/div>\n\t\t\t\t<\/div>\n\t\t\t\t<\/div>\n\t\t<div class=\"elementor-element elementor-element-de4f522 e-con-full elementor-hidden-desktop elementor-hidden-tablet e-flex e-con e-parent\" data-id=\"de4f522\" data-element_type=\"container\" data-e-type=\"container\">\n\t\t<div class=\"elementor-element elementor-element-06bd5f5 e-grid e-con-full e-con e-child\" data-id=\"06bd5f5\" data-element_type=\"container\" data-e-type=\"container\">\n\t\t\t\t<div class=\"elementor-element elementor-element-3307b3d elementor-view-default elementor-position-block-start elementor-mobile-position-block-start elementor-widget elementor-widget-icon-box\" data-id=\"3307b3d\" data-element_type=\"widget\" data-e-type=\"widget\" data-widget_type=\"icon-box.default\">\n\t\t\t\t\t\t\t<div class=\"elementor-icon-box-wrapper\">\n\n\t\t\t\t\t\t<div class=\"elementor-icon-box-icon\">\n\t\t\t\t<span  class=\"elementor-icon\">\n\t\t\t\t<i aria-hidden=\"true\" class=\"flaticon flaticon-bed-3\"><\/i>\t\t\t\t<\/span>\n\t\t\t<\/div>\n\t\t\t\n\t\t\t\t\t\t<div class=\"elementor-icon-box-content\">\n\n\t\t\t\t\n\t\t\t\t\t\t\t\t\t<p class=\"elementor-icon-box-description\">\n\t\t\t\t\t\tHabitacions per a 3 i 4 persones ideals per a fam\u00edlies\t\t\t\t\t<\/p>\n\t\t\t\t\n\t\t\t<\/div>\n\t\t\t\n\t\t<\/div>\n\t\t\t\t\t\t<\/div>\n\t\t\t\t<div class=\"elementor-element elementor-element-db62cbd elementor-view-default elementor-position-block-start elementor-mobile-position-block-start elementor-widget elementor-widget-icon-box\" data-id=\"db62cbd\" data-element_type=\"widget\" data-e-type=\"widget\" data-widget_type=\"icon-box.default\">\n\t\t\t\t\t\t\t<div class=\"elementor-icon-box-wrapper\">\n\n\t\t\t\t\t\t<div class=\"elementor-icon-box-icon\">\n\t\t\t\t<span  class=\"elementor-icon\">\n\t\t\t\t<i aria-hidden=\"true\" class=\"flaticon flaticon-baby-crib\"><\/i>\t\t\t\t<\/span>\n\t\t\t<\/div>\n\t\t\t\n\t\t\t\t\t\t<div class=\"elementor-icon-box-content\">\n\n\t\t\t\t\n\t\t\t\t\t\t\t\t\t<p class=\"elementor-icon-box-description\">\n\t\t\t\t\t\tBressol a disposici\u00f3 dels clients\t\t\t\t\t<\/p>\n\t\t\t\t\n\t\t\t<\/div>\n\t\t\t\n\t\t<\/div>\n\t\t\t\t\t\t<\/div>\n\t\t\t\t<div class=\"elementor-element elementor-element-38b239a elementor-view-default elementor-position-block-start elementor-mobile-position-block-start elementor-widget elementor-widget-icon-box\" data-id=\"38b239a\" data-element_type=\"widget\" data-e-type=\"widget\" data-widget_type=\"icon-box.default\">\n\t\t\t\t\t\t\t<div class=\"elementor-icon-box-wrapper\">\n\n\t\t\t\t\t\t<div class=\"elementor-icon-box-icon\">\n\t\t\t\t<span  class=\"elementor-icon\">\n\t\t\t\t<i aria-hidden=\"true\" class=\"flaticon flaticon-spa\"><\/i>\t\t\t\t<\/span>\n\t\t\t<\/div>\n\t\t\t\n\t\t\t\t\t\t<div class=\"elementor-icon-box-content\">\n\n\t\t\t\t\n\t\t\t\t\t\t\t\t\t<p class=\"elementor-icon-box-description\">\n\t\t\t\t\t\tHorari d\u2019spa exclusiu per a fam\u00edlies\t\t\t\t\t<\/p>\n\t\t\t\t\n\t\t\t<\/div>\n\t\t\t\n\t\t<\/div>\n\t\t\t\t\t\t<\/div>\n\t\t\t\t<div class=\"elementor-element elementor-element-ee9b2a1 elementor-view-default elementor-position-block-start elementor-mobile-position-block-start elementor-widget elementor-widget-icon-box\" data-id=\"ee9b2a1\" data-element_type=\"widget\" data-e-type=\"widget\" data-widget_type=\"icon-box.default\">\n\t\t\t\t\t\t\t<div class=\"elementor-icon-box-wrapper\">\n\n\t\t\t\t\t\t<div class=\"elementor-icon-box-icon\">\n\t\t\t\t<span  class=\"elementor-icon\">\n\t\t\t\t<i aria-hidden=\"true\" class=\"flaticon flaticon-pool\"><\/i>\t\t\t\t<\/span>\n\t\t\t<\/div>\n\t\t\t\n\t\t\t\t\t\t<div class=\"elementor-icon-box-content\">\n\n\t\t\t\t\n\t\t\t\t\t\t\t\t\t<p class=\"elementor-icon-box-description\">\n\t\t\t\t\t\tPiscina exterior per a adults i nens oberta de 10h a 19h\t\t\t\t\t<\/p>\n\t\t\t\t\n\t\t\t<\/div>\n\t\t\t\n\t\t<\/div>\n\t\t\t\t\t\t<\/div>\n\t\t\t\t<div class=\"elementor-element elementor-element-ae4164f elementor-view-default elementor-position-block-start elementor-mobile-position-block-start elementor-widget elementor-widget-icon-box\" data-id=\"ae4164f\" data-element_type=\"widget\" data-e-type=\"widget\" data-widget_type=\"icon-box.default\">\n\t\t\t\t\t\t\t<div class=\"elementor-icon-box-wrapper\">\n\n\t\t\t\t\t\t<div class=\"elementor-icon-box-icon\">\n\t\t\t\t<span  class=\"elementor-icon\">\n\t\t\t\t<i aria-hidden=\"true\" class=\"flaticon flaticon-win\"><\/i>\t\t\t\t<\/span>\n\t\t\t<\/div>\n\t\t\t\n\t\t\t\t\t\t<div class=\"elementor-icon-box-content\">\n\n\t\t\t\t\n\t\t\t\t\t\t\t\t\t<p class=\"elementor-icon-box-description\">\n\t\t\t\t\t\tActivitats i animaci\u00f3 per a tota la fam\u00edlia\t\t\t\t\t<\/p>\n\t\t\t\t\n\t\t\t<\/div>\n\t\t\t\n\t\t<\/div>\n\t\t\t\t\t\t<\/div>\n\t\t\t\t<\/div>\n\t\t\t\t<\/div>\n\t\t<div class=\"elementor-element elementor-element-5cd94a0 e-flex e-con-boxed e-con e-parent\" data-id=\"5cd94a0\" data-element_type=\"container\" data-e-type=\"container\">\n\t\t\t\t\t<div class=\"e-con-inner\">\n\t\t\t\t<div class=\"elementor-element elementor-element-07b7ad5 elementor-widget elementor-widget-spacer\" data-id=\"07b7ad5\" data-element_type=\"widget\" data-e-type=\"widget\" data-widget_type=\"spacer.default\">\n\t\t\t\t\t\t\t<div class=\"elementor-spacer\">\n\t\t\t<div class=\"elementor-spacer-inner\"><\/div>\n\t\t<\/div>\n\t\t\t\t\t\t<\/div>\n\t\t\t\t\t<\/div>\n\t\t\t\t<\/div>\n\t\t\t\t<section class=\"elementor-section elementor-top-section elementor-element elementor-element-ac9ee76 elementor-section-content-bottom cs-section-content-fullwidth elementor-hidden-mobile elementor-hidden-tablet elementor-section-boxed elementor-section-height-default elementor-section-height-default\" data-id=\"ac9ee76\" data-element_type=\"section\" data-e-type=\"section\" data-settings=\"{&quot;shape_divider_bottom&quot;:&quot;waves&quot;,&quot;shape_divider_bottom_negative&quot;:&quot;yes&quot;}\">\n\t\t\t\t\t<div class=\"elementor-shape elementor-shape-bottom\" aria-hidden=\"true\" data-negative=\"true\">\n\t\t\t<svg xmlns=\"http:\/\/www.w3.org\/2000\/svg\" viewBox=\"0 0 1000 100\" preserveAspectRatio=\"none\">\n\t<path class=\"elementor-shape-fill\" d=\"M790.5,93.1c-59.3-5.3-116.8-18-192.6-50c-29.6-12.7-76.9-31-100.5-35.9c-23.6-4.9-52.6-7.8-75.5-5.3\n\tc-10.2,1.1-22.6,1.4-50.1,7.4c-27.2,6.3-58.2,16.6-79.4,24.7c-41.3,15.9-94.9,21.9-134,22.6C72,58.2,0,25.8,0,25.8V100h1000V65.3\n\tc0,0-51.5,19.4-106.2,25.7C839.5,97,814.1,95.2,790.5,93.1z\"\/>\n<\/svg>\t\t<\/div>\n\t\t\t\t\t<div class=\"elementor-container elementor-column-gap-no\">\n\t\t\t\t\t<div class=\"elementor-column elementor-col-100 elementor-top-column elementor-element elementor-element-b18b6ca\" data-id=\"b18b6ca\" data-element_type=\"column\" data-e-type=\"column\">\n\t\t\t<div class=\"elementor-widget-wrap elementor-element-populated\">\n\t\t\t\t\t\t<div class=\"elementor-element elementor-element-3d49fa4 elementor-widget elementor-widget-cs_title\" data-id=\"3d49fa4\" data-element_type=\"widget\" data-e-type=\"widget\" data-widget_type=\"cs_title.default\">\n\t\t\t\t<div class=\"elementor-widget-container\">\n\t\t\t\t\t\n        <div class=\"cs-title-wrap text-right text-center-mobile\">\t            <h3 class=\"cs-title color-white\">\n\t                Les nostres Habitacions\t            <\/h3>\t            <div class=\"cs-title-text color-white\">\n\t                <p>Descobreix les habitacions familiars i gaudeix de les teves vacances en fam\u00edlia amb nosaltres.<\/p>\t            <\/div>        <\/div>\t\t\t\t<\/div>\n\t\t\t\t<\/div>\n\t\t\t\t\t<\/div>\n\t\t<\/div>\n\t\t\t\t\t<\/div>\n\t\t<\/section>\n\t\t\t\t<section class=\"elementor-section elementor-top-section elementor-element elementor-element-e30d476 elementor-section-content-bottom cs-section-content-fullwidth elementor-hidden-desktop elementor-section-boxed elementor-section-height-default elementor-section-height-default\" data-id=\"e30d476\" data-element_type=\"section\" data-e-type=\"section\">\n\t\t\t\t\t\t\t<div class=\"elementor-background-overlay\"><\/div>\n\t\t\t\t\t\t\t<div class=\"elementor-container elementor-column-gap-no\">\n\t\t\t\t\t<div class=\"elementor-column elementor-col-100 elementor-top-column elementor-element elementor-element-35c2d17\" data-id=\"35c2d17\" data-element_type=\"column\" data-e-type=\"column\">\n\t\t\t<div class=\"elementor-widget-wrap elementor-element-populated\">\n\t\t\t\t\t\t<div class=\"elementor-element elementor-element-16e6bd8 elementor-widget elementor-widget-cs_title\" data-id=\"16e6bd8\" data-element_type=\"widget\" data-e-type=\"widget\" data-widget_type=\"cs_title.default\">\n\t\t\t\t<div class=\"elementor-widget-container\">\n\t\t\t\t\t\n        <div class=\"cs-title-wrap text-right text-center-mobile\">\t            <h3 class=\"cs-title color-white\">\n\t                Les nostres Habitacions\t            <\/h3>\t            <div class=\"cs-title-text color-white\">\n\t                <p>Descobreix les habitacions familiars i gaudeix de les teves vacances en fam\u00edlia amb nosaltres.<\/p>\t            <\/div>        <\/div>\t\t\t\t<\/div>\n\t\t\t\t<\/div>\n\t\t\t\t\t<\/div>\n\t\t<\/div>\n\t\t\t\t\t<\/div>\n\t\t<\/section>\n\t\t\t\t<section class=\"elementor-section elementor-top-section elementor-element elementor-element-a3bc4ff cs-section-content-fullwidth elementor-section-boxed elementor-section-height-default elementor-section-height-default\" data-id=\"a3bc4ff\" data-element_type=\"section\" data-e-type=\"section\" data-settings=\"{&quot;background_background&quot;:&quot;classic&quot;}\">\n\t\t\t\t\t\t\t<div class=\"elementor-background-overlay\"><\/div>\n\t\t\t\t\t\t\t<div class=\"elementor-container elementor-column-gap-no\">\n\t\t\t\t\t<div class=\"elementor-column elementor-col-100 elementor-top-column elementor-element elementor-element-eda1380\" data-id=\"eda1380\" data-element_type=\"column\" data-e-type=\"column\">\n\t\t\t<div class=\"elementor-widget-wrap elementor-element-populated\">\n\t\t\t\t\t\t<div class=\"elementor-element elementor-element-4aac580 elementor-widget elementor-widget-cs_rooms\" data-id=\"4aac580\" data-element_type=\"widget\" data-e-type=\"widget\" data-widget_type=\"cs_rooms.default\">\n\t\t\t\t<div class=\"elementor-widget-container\">\n\t\t\t\t\t                    <div class=\"posts cs-rooms layout-overlay column-2 layout-grid img-ratio-3-2 with-hover-effect\">\n                        <div class=\"posts-wrapper cs-rooms-wrapper\">\n\t<div class=\"post cs-room-item\">\n\t    <div class=\"post-content cs-room-content\">\n\t        <header class=\"post-header item-header\">\t            <h2 class=\"post-title item-title\">\n\t                <a href=\"https:\/\/www.hotelbernatcalella.com\/ca\/room\/habitacio-familiar\/\">Habitaci\u00f3 Familiar<\/a>\n\t            <\/h2>\t        <\/header>\t\t        <div class=\"hover-show-content\">\t\t\t            <div class=\"post-excerpt item-excerpt\"><p>Habitaci\u00f3 amb dos espais independents, bany complet amb banyera d&#8217;hidromassatge, wifi gratu\u00eft, dos balcons tipus terrassa, minibar, aire condicionat i calefacci\u00f3.<\/p>\n<\/div>\t\t\t            <footer class=\"post-footer item-footer\">\n\t\t\t                <div class=\"more-btn\">\n\t\t\t                    <a class=\"read-more-btn button cs-btn-underline\" href=\"https:\/\/www.hotelbernatcalella.com\/ca\/room\/habitacio-familiar\/\">\n\t\t\t                        <span>Veure m\u00e9s<\/span>\n\t\t\t                    <\/a>\n\t\t\t                <\/div>\n\t\t\t            <\/footer>\t        \t<\/div>\t    <\/div>\n\t<\/div>\n\n\t<div class=\"post cs-room-item has-post-thumbnail\">\t\t    <div class=\"featured-img\">\n\t\t        <a href=\"https:\/\/www.hotelbernatcalella.com\/ca\/room\/habitacio-premium\/\" aria-label=\"Room Featured Image\"><img loading=\"lazy\" decoding=\"async\" width=\"780\" height=\"585\" src=\"https:\/\/www.hotelbernatcalella.com\/wp-content\/uploads\/2024\/07\/HAB-PREMIUM-780x585.png\" class=\"attachment-cozystay_780x9999 size-cozystay_780x9999\" alt=\"Habitaci\u00f3 premium amb llit doble i il\u00b7luminaci\u00f3 c\u00e0lida a l&#039;Hotel Bernat II de Calella\" srcset=\"https:\/\/www.hotelbernatcalella.com\/wp-content\/uploads\/2024\/07\/HAB-PREMIUM-780x585.png 780w, https:\/\/www.hotelbernatcalella.com\/wp-content\/uploads\/2024\/07\/HAB-PREMIUM-300x225.png 300w, https:\/\/www.hotelbernatcalella.com\/wp-content\/uploads\/2024\/07\/HAB-PREMIUM-1024x768.png 1024w, https:\/\/www.hotelbernatcalella.com\/wp-content\/uploads\/2024\/07\/HAB-PREMIUM-768x576.png 768w, https:\/\/www.hotelbernatcalella.com\/wp-content\/uploads\/2024\/07\/HAB-PREMIUM-1536x1152.png 1536w, https:\/\/www.hotelbernatcalella.com\/wp-content\/uploads\/2024\/07\/HAB-PREMIUM-2048x1536.png 2048w, https:\/\/www.hotelbernatcalella.com\/wp-content\/uploads\/2024\/07\/HAB-PREMIUM-1920x1440.png 1920w, https:\/\/www.hotelbernatcalella.com\/wp-content\/uploads\/2024\/07\/HAB-PREMIUM-1440x1080.png 1440w, https:\/\/www.hotelbernatcalella.com\/wp-content\/uploads\/2024\/07\/HAB-PREMIUM-1200x900.png 1200w, https:\/\/www.hotelbernatcalella.com\/wp-content\/uploads\/2024\/07\/HAB-PREMIUM-600x450.png 600w, https:\/\/www.hotelbernatcalella.com\/wp-content\/uploads\/2024\/07\/HAB-PREMIUM-550x413.png 550w, https:\/\/www.hotelbernatcalella.com\/wp-content\/uploads\/2024\/07\/HAB-PREMIUM-370x278.png 370w, https:\/\/www.hotelbernatcalella.com\/wp-content\/uploads\/2024\/07\/HAB-PREMIUM-255x191.png 255w\" sizes=\"(max-width: 780px) 100vw, 780px\" \/>\t\t        <\/a>\t\t    <\/div>\n\t    <div class=\"post-content cs-room-content\">\n\t        <header class=\"post-header item-header\">\t            <h2 class=\"post-title item-title\">\n\t                <a href=\"https:\/\/www.hotelbernatcalella.com\/ca\/room\/habitacio-premium\/\">Habitaci\u00f3 Premium<\/a>\n\t            <\/h2>\t        <\/header>\t\t        <div class=\"hover-show-content\">\t\t\t            <div class=\"post-excerpt item-excerpt\"><p>Habitaci\u00f3 amb dos espais independents, bany complet amb banyera d&#8217;hidromassatge, wifi gratu\u00eft, dos balcons tipus terrassa, minibar, aire condicionat i calefacci\u00f3.<\/p>\n<\/div>\t\t\t            <footer class=\"post-footer item-footer\">\n\t\t\t                <div class=\"more-btn\">\n\t\t\t                    <a class=\"read-more-btn button cs-btn-underline\" href=\"https:\/\/www.hotelbernatcalella.com\/ca\/room\/habitacio-premium\/\">\n\t\t\t                        <span>Veure m\u00e9s<\/span>\n\t\t\t                    <\/a>\n\t\t\t                <\/div>\n\t\t\t            <\/footer>\t        \t<\/div>\t    <\/div>\n\t<\/div>\n                        <\/div>                    <\/div>\t\t\t\t<\/div>\n\t\t\t\t<\/div>\n\t\t\t\t<div class=\"elementor-element elementor-element-cc7b72d elementor-align-right elementor-mobile-align-center elementor-widget elementor-widget-cs_button\" data-id=\"cc7b72d\" data-element_type=\"widget\" data-e-type=\"widget\" data-widget_type=\"cs_button.default\">\n\t\t\t\t<div class=\"elementor-widget-container\">\n\t\t\t\t\t        <a href=\"https:\/\/hotelbernatcalella.com\/ca\/habitacions\/\" class=\"elementor-button-link button cs-btn-outline cs-btn-square cs-btn-color-white\" role=\"button\">\n            <span class=\"cs-btn-text\">Veure totes les nostres habitacions<\/span>        <\/a>\t\t\t\t<\/div>\n\t\t\t\t<\/div>\n\t\t\t\t\t<\/div>\n\t\t<\/div>\n\t\t\t\t\t<\/div>\n\t\t<\/section>\n\t\t<div class=\"elementor-element elementor-element-d2b79e4 e-con-full e-flex e-con e-parent\" data-id=\"d2b79e4\" data-element_type=\"container\" data-e-type=\"container\">\n\t\t\t\t<div class=\"elementor-element elementor-element-7511bbb elementor-widget elementor-widget-spacer\" data-id=\"7511bbb\" data-element_type=\"widget\" data-e-type=\"widget\" data-widget_type=\"spacer.default\">\n\t\t\t\t\t\t\t<div class=\"elementor-spacer\">\n\t\t\t<div class=\"elementor-spacer-inner\"><\/div>\n\t\t<\/div>\n\t\t\t\t\t\t<\/div>\n\t\t\t\t<div class=\"elementor-element elementor-element-5752eb5 elementor-widget elementor-widget-cs_title\" data-id=\"5752eb5\" data-element_type=\"widget\" data-e-type=\"widget\" data-widget_type=\"cs_title.default\">\n\t\t\t\t<div class=\"elementor-widget-container\">\n\t\t\t\t\t\n        <div class=\"cs-title-wrap text-center\">\t            <h4 class=\"cs-title\">\n\t                Calella en Fam\u00edlia\t            <\/h4>\t            <div class=\"cs-title-text\">\n\t                <p>Vols saber quins secrets amaga la ciutat de Calella? A la nostra web podr\u00e0s descobrir tot el que necessites saber. <\/p>\t            <\/div>        <\/div>\t\t\t\t<\/div>\n\t\t\t\t<\/div>\n\t\t\t\t<div class=\"elementor-element elementor-element-c190342 elementor-widget elementor-widget-cs_tabs\" data-id=\"c190342\" data-element_type=\"widget\" data-e-type=\"widget\" data-widget_type=\"cs_tabs.default\">\n\t\t\t\t<div class=\"elementor-widget-container\">\n\t\t\t\t\t            <div class=\"cs-tabs\">\n                <div class=\"elementor-tabs-wrapper\" role=\"tablist\">                    <div class=\"elementor-tab-title elementor-tab-desktop-title elementor-active\">\n                        <a href=\"#elementor-tab-c190342-0\" class=\"tab-title-link\"><\/a>\n                    <\/div>                <\/div>\n\n                <div class=\"elementor-tabs-content-wrapper\" role=\"tablist\" aria-orientation=\"horizontal\">                    <div id=\"elementor-tab-c190342-0\" class=\"elementor-tab-content elementor-clearfix elementor-active\">\t\t\t<link rel=\"stylesheet\" id=\"elementor-post-11031-css\" href=\"https:\/\/www.hotelbernatcalella.com\/wp-content\/uploads\/elementor\/css\/post-11031.css?ver=1777442002\" type=\"text\/css\" media=\"all\">\t\t<div data-elementor-type=\"wp-post\" data-elementor-id=\"11031\" class=\"elementor elementor-11031 elementor-5402\" data-elementor-post-type=\"custom_blocks\">\n\t\t\t\t<div class=\"elementor-element elementor-element-099ed0b e-flex e-con-boxed e-con e-parent\" data-id=\"099ed0b\" data-element_type=\"container\" data-e-type=\"container\">\n\t\t\t\t\t<div class=\"e-con-inner\">\n\t\t\t\t<div class=\"elementor-element elementor-element-9998d14 elementor-hidden-mobile elementor-widget elementor-widget-cs_blog\" data-id=\"9998d14\" data-element_type=\"widget\" data-e-type=\"widget\" data-widget_type=\"cs_blog.default\">\n\t\t\t\t<div class=\"elementor-widget-container\">\n\t\t\t\t\t\t\t\t\t<div class=\"posts layout-grid column-3 img-ratio-3-2\">\n\t\t\t\t\t\t\t\t\t<div class=\"posts-wrapper\">\n<article class=\"post-20546 post type-post status-publish format-standard has-post-thumbnail hentry category-alrededores-ca tag-activitats tag-cultura-ca tag-families tag-parelles tag-que-veure-al-maresme tag-que-visitar-a-prop-calella\">\n            <div class=\"featured-img\">\n        \t<a href=\"https:\/\/www.hotelbernatcalella.com\/ca\/alrededores-ca\/pobles-encant-a-prop-calella\/\"><img loading=\"lazy\" decoding=\"async\" width=\"780\" height=\"401\" src=\"https:\/\/www.hotelbernatcalella.com\/wp-content\/uploads\/2026\/04\/Pueblos-alrededores-Calella_Maresme-780x401.webp\" class=\"attachment-cozystay_780x9999 size-cozystay_780x9999 wp-post-image image-layout-grid-column-3\" alt=\"Pueblos a prop Calella_Maresme\" srcset=\"https:\/\/www.hotelbernatcalella.com\/wp-content\/uploads\/2026\/04\/Pueblos-alrededores-Calella_Maresme-780x401.webp 780w, https:\/\/www.hotelbernatcalella.com\/wp-content\/uploads\/2026\/04\/Pueblos-alrededores-Calella_Maresme-300x154.webp 300w, https:\/\/www.hotelbernatcalella.com\/wp-content\/uploads\/2026\/04\/Pueblos-alrededores-Calella_Maresme-1024x527.webp 1024w, https:\/\/www.hotelbernatcalella.com\/wp-content\/uploads\/2026\/04\/Pueblos-alrededores-Calella_Maresme-768x395.webp 768w, https:\/\/www.hotelbernatcalella.com\/wp-content\/uploads\/2026\/04\/Pueblos-alrededores-Calella_Maresme-1536x790.webp 1536w, https:\/\/www.hotelbernatcalella.com\/wp-content\/uploads\/2026\/04\/Pueblos-alrededores-Calella_Maresme-1920x988.webp 1920w, https:\/\/www.hotelbernatcalella.com\/wp-content\/uploads\/2026\/04\/Pueblos-alrededores-Calella_Maresme-1440x741.webp 1440w, https:\/\/www.hotelbernatcalella.com\/wp-content\/uploads\/2026\/04\/Pueblos-alrededores-Calella_Maresme-1200x617.webp 1200w, https:\/\/www.hotelbernatcalella.com\/wp-content\/uploads\/2026\/04\/Pueblos-alrededores-Calella_Maresme-600x309.webp 600w, https:\/\/www.hotelbernatcalella.com\/wp-content\/uploads\/2026\/04\/Pueblos-alrededores-Calella_Maresme-550x283.webp 550w, https:\/\/www.hotelbernatcalella.com\/wp-content\/uploads\/2026\/04\/Pueblos-alrededores-Calella_Maresme-370x190.webp 370w, https:\/\/www.hotelbernatcalella.com\/wp-content\/uploads\/2026\/04\/Pueblos-alrededores-Calella_Maresme-255x131.webp 255w, https:\/\/www.hotelbernatcalella.com\/wp-content\/uploads\/2026\/04\/Pueblos-alrededores-Calella_Maresme.webp 2000w\" sizes=\"(max-width: 780px) 100vw, 780px\" \/><\/a>        <\/div>\n    <div class=\"post-content\">\n        <header class=\"post-header\">    <h2 class=\"post-title\">\n        <a href=\"https:\/\/www.hotelbernatcalella.com\/ca\/alrededores-ca\/pobles-encant-a-prop-calella\/\">Pobles amb encant a prop Calella<\/a>\n    <\/h2>        <\/header>\t\t<div class=\"post-excerpt\"><p>Si est\u00e0s allotjat al nostre hotel a Calella per uns dies, et fem la nostra proposta per visitar pobles bonics. En aquest blog trobareu pobles &#8230;<\/p>\n<\/div>             <footer class=\"post-footer\">        <div class=\"more-btn\">\n            <a class=\"read-more-btn button cs-btn-underline\" href=\"https:\/\/www.hotelbernatcalella.com\/ca\/alrededores-ca\/pobles-encant-a-prop-calella\/\"><span>Llegeix m\u00e9s<\/span><\/a>\n        <\/div>            <\/footer>    <\/div>\n<\/article>\n\n<article class=\"post-20073 post type-post status-publish format-standard has-post-thumbnail hentry category-calella-ca tag-actividades-gratis-ca tag-activitats tag-families tag-que-fer-a-calella-amb-nens tag-que-visitar-a-calella\">\n            <div class=\"featured-img\">\n        \t<a href=\"https:\/\/www.hotelbernatcalella.com\/ca\/calella-ca\/que-fer-calella-nens\/\"><img loading=\"lazy\" decoding=\"async\" width=\"780\" height=\"401\" src=\"https:\/\/www.hotelbernatcalella.com\/wp-content\/uploads\/2026\/03\/que-hacer-con-ninos-en-Calella-780x401.webp\" class=\"attachment-cozystay_780x9999 size-cozystay_780x9999 wp-post-image image-layout-grid-column-3\" alt=\"Qu\u00e8 fer a Calella\" srcset=\"https:\/\/www.hotelbernatcalella.com\/wp-content\/uploads\/2026\/03\/que-hacer-con-ninos-en-Calella-780x401.webp 780w, https:\/\/www.hotelbernatcalella.com\/wp-content\/uploads\/2026\/03\/que-hacer-con-ninos-en-Calella-300x154.webp 300w, https:\/\/www.hotelbernatcalella.com\/wp-content\/uploads\/2026\/03\/que-hacer-con-ninos-en-Calella-1024x527.webp 1024w, https:\/\/www.hotelbernatcalella.com\/wp-content\/uploads\/2026\/03\/que-hacer-con-ninos-en-Calella-768x395.webp 768w, https:\/\/www.hotelbernatcalella.com\/wp-content\/uploads\/2026\/03\/que-hacer-con-ninos-en-Calella-1536x790.webp 1536w, https:\/\/www.hotelbernatcalella.com\/wp-content\/uploads\/2026\/03\/que-hacer-con-ninos-en-Calella-1920x988.webp 1920w, https:\/\/www.hotelbernatcalella.com\/wp-content\/uploads\/2026\/03\/que-hacer-con-ninos-en-Calella-1440x741.webp 1440w, https:\/\/www.hotelbernatcalella.com\/wp-content\/uploads\/2026\/03\/que-hacer-con-ninos-en-Calella-1200x617.webp 1200w, https:\/\/www.hotelbernatcalella.com\/wp-content\/uploads\/2026\/03\/que-hacer-con-ninos-en-Calella-600x309.webp 600w, https:\/\/www.hotelbernatcalella.com\/wp-content\/uploads\/2026\/03\/que-hacer-con-ninos-en-Calella-550x283.webp 550w, https:\/\/www.hotelbernatcalella.com\/wp-content\/uploads\/2026\/03\/que-hacer-con-ninos-en-Calella-370x190.webp 370w, https:\/\/www.hotelbernatcalella.com\/wp-content\/uploads\/2026\/03\/que-hacer-con-ninos-en-Calella-255x131.webp 255w, https:\/\/www.hotelbernatcalella.com\/wp-content\/uploads\/2026\/03\/que-hacer-con-ninos-en-Calella.webp 2000w\" sizes=\"(max-width: 780px) 100vw, 780px\" \/><\/a>        <\/div>\n    <div class=\"post-content\">\n        <header class=\"post-header\">    <h2 class=\"post-title\">\n        <a href=\"https:\/\/www.hotelbernatcalella.com\/ca\/calella-ca\/que-fer-calella-nens\/\">Qu\u00e8 fer a Calella amb nens<\/a>\n    <\/h2>        <\/header>\t\t<div class=\"post-excerpt\"><p>Calella (a la costa del Maresme, a prop de Barcelona) \u00e9s una destinaci\u00f3 molt c\u00f2moda per viatjar amb nens: t\u00e9 platges \u00e0mplies, parcs infantils davant &#8230;<\/p>\n<\/div>             <footer class=\"post-footer\">        <div class=\"more-btn\">\n            <a class=\"read-more-btn button cs-btn-underline\" href=\"https:\/\/www.hotelbernatcalella.com\/ca\/calella-ca\/que-fer-calella-nens\/\"><span>Llegeix m\u00e9s<\/span><\/a>\n        <\/div>            <\/footer>    <\/div>\n<\/article>\n\n<article class=\"post-19723 post type-post status-publish format-standard has-post-thumbnail hentry category-calella-ca tag-actividades-gratis-ca tag-activitats tag-calella-ca tag-families tag-far-de-calella tag-hotel-amb-spa tag-parelles tag-que-fer tag-que-visitar-a-calella tag-spa-calella\">\n            <div class=\"featured-img\">\n        \t<a href=\"https:\/\/www.hotelbernatcalella.com\/ca\/calella-ca\/que-fer-a-calella-a-lhivern\/\"><img loading=\"lazy\" decoding=\"async\" width=\"780\" height=\"401\" src=\"https:\/\/www.hotelbernatcalella.com\/wp-content\/uploads\/2026\/02\/Q-fer-a-Calella-780x401.webp\" class=\"attachment-cozystay_780x9999 size-cozystay_780x9999 wp-post-image image-layout-grid-column-3\" alt=\"Que fer a calella\" srcset=\"https:\/\/www.hotelbernatcalella.com\/wp-content\/uploads\/2026\/02\/Q-fer-a-Calella-780x401.webp 780w, https:\/\/www.hotelbernatcalella.com\/wp-content\/uploads\/2026\/02\/Q-fer-a-Calella-300x154.webp 300w, https:\/\/www.hotelbernatcalella.com\/wp-content\/uploads\/2026\/02\/Q-fer-a-Calella-1024x527.webp 1024w, https:\/\/www.hotelbernatcalella.com\/wp-content\/uploads\/2026\/02\/Q-fer-a-Calella-768x395.webp 768w, https:\/\/www.hotelbernatcalella.com\/wp-content\/uploads\/2026\/02\/Q-fer-a-Calella-1536x790.webp 1536w, https:\/\/www.hotelbernatcalella.com\/wp-content\/uploads\/2026\/02\/Q-fer-a-Calella-1920x988.webp 1920w, https:\/\/www.hotelbernatcalella.com\/wp-content\/uploads\/2026\/02\/Q-fer-a-Calella-1440x741.webp 1440w, https:\/\/www.hotelbernatcalella.com\/wp-content\/uploads\/2026\/02\/Q-fer-a-Calella-1200x617.webp 1200w, https:\/\/www.hotelbernatcalella.com\/wp-content\/uploads\/2026\/02\/Q-fer-a-Calella-600x309.webp 600w, https:\/\/www.hotelbernatcalella.com\/wp-content\/uploads\/2026\/02\/Q-fer-a-Calella-550x283.webp 550w, https:\/\/www.hotelbernatcalella.com\/wp-content\/uploads\/2026\/02\/Q-fer-a-Calella-370x190.webp 370w, https:\/\/www.hotelbernatcalella.com\/wp-content\/uploads\/2026\/02\/Q-fer-a-Calella-255x131.webp 255w, https:\/\/www.hotelbernatcalella.com\/wp-content\/uploads\/2026\/02\/Q-fer-a-Calella.webp 2000w\" sizes=\"(max-width: 780px) 100vw, 780px\" \/><\/a>        <\/div>\n    <div class=\"post-content\">\n        <header class=\"post-header\">    <h2 class=\"post-title\">\n        <a href=\"https:\/\/www.hotelbernatcalella.com\/ca\/calella-ca\/que-fer-a-calella-a-lhivern\/\">Qu\u00e8 fer a Calella a l&#8217;hivern<\/a>\n    <\/h2>        <\/header>\t\t<div class=\"post-excerpt\"><p>Descobriu qu\u00e8 fer a Calella a l&#8217;hivern: passejades al costat del mar, senderisme, cultura, gastronomia local i relax per a una escapada tranquil\u00b7la.<\/p>\n<\/div>             <footer class=\"post-footer\">        <div class=\"more-btn\">\n            <a class=\"read-more-btn button cs-btn-underline\" href=\"https:\/\/www.hotelbernatcalella.com\/ca\/calella-ca\/que-fer-a-calella-a-lhivern\/\"><span>Llegeix m\u00e9s<\/span><\/a>\n        <\/div>            <\/footer>    <\/div>\n<\/article>\n\t\t\t\t<\/div>\t\t\t\t<\/div>\t\t\t\t<\/div>\n\t\t\t\t<\/div>\n\t\t\t\t\t<\/div>\n\t\t\t\t<\/div>\n\t\t<div class=\"elementor-element elementor-element-ac2e098 e-flex e-con-boxed e-con e-parent\" data-id=\"ac2e098\" data-element_type=\"container\" data-e-type=\"container\">\n\t\t\t\t\t<div class=\"e-con-inner\">\n\t\t\t\t<div class=\"elementor-element elementor-element-afe1ff8 elementor-hidden-desktop elementor-hidden-tablet elementor-widget elementor-widget-cs_blog\" data-id=\"afe1ff8\" data-element_type=\"widget\" data-e-type=\"widget\" data-widget_type=\"cs_blog.default\">\n\t\t\t\t<div class=\"elementor-widget-container\">\n\t\t\t\t\t\t\t\t\t<div class=\"posts layout-standard\">\n\t\t\t\t\t\t\t\t\t<div class=\"posts-wrapper\">\n\n<article class=\"post-20546 post type-post status-publish format-standard has-post-thumbnail hentry category-alrededores-ca tag-activitats tag-cultura-ca tag-families tag-parelles tag-que-veure-al-maresme tag-que-visitar-a-prop-calella\">\n            <div class=\"featured-img\">\n        \t<a href=\"https:\/\/www.hotelbernatcalella.com\/ca\/alrededores-ca\/pobles-encant-a-prop-calella\/\"><img loading=\"lazy\" decoding=\"async\" width=\"1200\" height=\"617\" src=\"https:\/\/www.hotelbernatcalella.com\/wp-content\/uploads\/2026\/04\/Pueblos-alrededores-Calella_Maresme-1200x617.webp\" class=\"attachment-cozystay_1200x9999 size-cozystay_1200x9999 wp-post-image\" alt=\"Pueblos a prop Calella_Maresme\" srcset=\"https:\/\/www.hotelbernatcalella.com\/wp-content\/uploads\/2026\/04\/Pueblos-alrededores-Calella_Maresme-1200x617.webp 1200w, https:\/\/www.hotelbernatcalella.com\/wp-content\/uploads\/2026\/04\/Pueblos-alrededores-Calella_Maresme-300x154.webp 300w, https:\/\/www.hotelbernatcalella.com\/wp-content\/uploads\/2026\/04\/Pueblos-alrededores-Calella_Maresme-1024x527.webp 1024w, https:\/\/www.hotelbernatcalella.com\/wp-content\/uploads\/2026\/04\/Pueblos-alrededores-Calella_Maresme-768x395.webp 768w, https:\/\/www.hotelbernatcalella.com\/wp-content\/uploads\/2026\/04\/Pueblos-alrededores-Calella_Maresme-1536x790.webp 1536w, https:\/\/www.hotelbernatcalella.com\/wp-content\/uploads\/2026\/04\/Pueblos-alrededores-Calella_Maresme-1920x988.webp 1920w, https:\/\/www.hotelbernatcalella.com\/wp-content\/uploads\/2026\/04\/Pueblos-alrededores-Calella_Maresme-1440x741.webp 1440w, https:\/\/www.hotelbernatcalella.com\/wp-content\/uploads\/2026\/04\/Pueblos-alrededores-Calella_Maresme-780x401.webp 780w, https:\/\/www.hotelbernatcalella.com\/wp-content\/uploads\/2026\/04\/Pueblos-alrededores-Calella_Maresme-600x309.webp 600w, https:\/\/www.hotelbernatcalella.com\/wp-content\/uploads\/2026\/04\/Pueblos-alrededores-Calella_Maresme-550x283.webp 550w, https:\/\/www.hotelbernatcalella.com\/wp-content\/uploads\/2026\/04\/Pueblos-alrededores-Calella_Maresme-370x190.webp 370w, https:\/\/www.hotelbernatcalella.com\/wp-content\/uploads\/2026\/04\/Pueblos-alrededores-Calella_Maresme-255x131.webp 255w, https:\/\/www.hotelbernatcalella.com\/wp-content\/uploads\/2026\/04\/Pueblos-alrededores-Calella_Maresme.webp 2000w\" sizes=\"(max-width: 1200px) 100vw, 1200px\" \/><\/a>        <\/div>\n\t<div class=\"post-content\">\n\t\t<header class=\"post-header\">    <h2 class=\"post-title\">\n        <a href=\"https:\/\/www.hotelbernatcalella.com\/ca\/alrededores-ca\/pobles-encant-a-prop-calella\/\">Pobles amb encant a prop Calella<\/a>\n    <\/h2>\t\t<\/header>\t\t<div class=\"post-excerpt\"><p>Si est\u00e0s allotjat al nostre hotel a Calella per uns dies, et fem la nostra proposta per visitar pobles bonics. En aquest blog trobareu pobles amb encant amb ess\u00e8ncia mediterr\u00e0nia i d&#8217;altres amb vinyes del Maresme Pobles amb encant a prop de Calella, Barcelona Sant Pol de Mar Sant Pol &#8230;<\/p>\n<\/div>             <footer class=\"post-footer\">        <div class=\"more-btn\">\n            <a class=\"read-more-btn button cs-btn-underline\" href=\"https:\/\/www.hotelbernatcalella.com\/ca\/alrededores-ca\/pobles-encant-a-prop-calella\/\"><span>Llegeix m\u00e9s<\/span><\/a>\n        <\/div>            <\/footer>\t<\/div>\n<\/article>\n\n\n<article class=\"post-20073 post type-post status-publish format-standard has-post-thumbnail hentry category-calella-ca tag-actividades-gratis-ca tag-activitats tag-families tag-que-fer-a-calella-amb-nens tag-que-visitar-a-calella\">\n            <div class=\"featured-img\">\n        \t<a href=\"https:\/\/www.hotelbernatcalella.com\/ca\/calella-ca\/que-fer-calella-nens\/\"><img loading=\"lazy\" decoding=\"async\" width=\"1200\" height=\"617\" src=\"https:\/\/www.hotelbernatcalella.com\/wp-content\/uploads\/2026\/03\/que-hacer-con-ninos-en-Calella-1200x617.webp\" class=\"attachment-cozystay_1200x9999 size-cozystay_1200x9999 wp-post-image\" alt=\"Qu\u00e8 fer a Calella\" srcset=\"https:\/\/www.hotelbernatcalella.com\/wp-content\/uploads\/2026\/03\/que-hacer-con-ninos-en-Calella-1200x617.webp 1200w, https:\/\/www.hotelbernatcalella.com\/wp-content\/uploads\/2026\/03\/que-hacer-con-ninos-en-Calella-300x154.webp 300w, https:\/\/www.hotelbernatcalella.com\/wp-content\/uploads\/2026\/03\/que-hacer-con-ninos-en-Calella-1024x527.webp 1024w, https:\/\/www.hotelbernatcalella.com\/wp-content\/uploads\/2026\/03\/que-hacer-con-ninos-en-Calella-768x395.webp 768w, https:\/\/www.hotelbernatcalella.com\/wp-content\/uploads\/2026\/03\/que-hacer-con-ninos-en-Calella-1536x790.webp 1536w, https:\/\/www.hotelbernatcalella.com\/wp-content\/uploads\/2026\/03\/que-hacer-con-ninos-en-Calella-1920x988.webp 1920w, https:\/\/www.hotelbernatcalella.com\/wp-content\/uploads\/2026\/03\/que-hacer-con-ninos-en-Calella-1440x741.webp 1440w, https:\/\/www.hotelbernatcalella.com\/wp-content\/uploads\/2026\/03\/que-hacer-con-ninos-en-Calella-780x401.webp 780w, https:\/\/www.hotelbernatcalella.com\/wp-content\/uploads\/2026\/03\/que-hacer-con-ninos-en-Calella-600x309.webp 600w, https:\/\/www.hotelbernatcalella.com\/wp-content\/uploads\/2026\/03\/que-hacer-con-ninos-en-Calella-550x283.webp 550w, https:\/\/www.hotelbernatcalella.com\/wp-content\/uploads\/2026\/03\/que-hacer-con-ninos-en-Calella-370x190.webp 370w, https:\/\/www.hotelbernatcalella.com\/wp-content\/uploads\/2026\/03\/que-hacer-con-ninos-en-Calella-255x131.webp 255w, https:\/\/www.hotelbernatcalella.com\/wp-content\/uploads\/2026\/03\/que-hacer-con-ninos-en-Calella.webp 2000w\" sizes=\"(max-width: 1200px) 100vw, 1200px\" \/><\/a>        <\/div>\n\t<div class=\"post-content\">\n\t\t<header class=\"post-header\">    <h2 class=\"post-title\">\n        <a href=\"https:\/\/www.hotelbernatcalella.com\/ca\/calella-ca\/que-fer-calella-nens\/\">Qu\u00e8 fer a Calella amb nens<\/a>\n    <\/h2>\t\t<\/header>\t\t<div class=\"post-excerpt\"><p>Calella (a la costa del Maresme, a prop de Barcelona) \u00e9s una destinaci\u00f3 molt c\u00f2moda per viatjar amb nens: t\u00e9 platges \u00e0mplies, parcs infantils davant del mar i moltes excursions properes que funcionen molt b\u00e9 en fam\u00edlia Des de l&#8217;Hotel Bernat II, us oferim una guia pr\u00e0ctica amb plans per &#8230;<\/p>\n<\/div>             <footer class=\"post-footer\">        <div class=\"more-btn\">\n            <a class=\"read-more-btn button cs-btn-underline\" href=\"https:\/\/www.hotelbernatcalella.com\/ca\/calella-ca\/que-fer-calella-nens\/\"><span>Llegeix m\u00e9s<\/span><\/a>\n        <\/div>            <\/footer>\t<\/div>\n<\/article>\n\n\n<article class=\"post-19723 post type-post status-publish format-standard has-post-thumbnail hentry category-calella-ca tag-actividades-gratis-ca tag-activitats tag-calella-ca tag-families tag-far-de-calella tag-hotel-amb-spa tag-parelles tag-que-fer tag-que-visitar-a-calella tag-spa-calella\">\n            <div class=\"featured-img\">\n        \t<a href=\"https:\/\/www.hotelbernatcalella.com\/ca\/calella-ca\/que-fer-a-calella-a-lhivern\/\"><img loading=\"lazy\" decoding=\"async\" width=\"1200\" height=\"617\" src=\"https:\/\/www.hotelbernatcalella.com\/wp-content\/uploads\/2026\/02\/Q-fer-a-Calella-1200x617.webp\" class=\"attachment-cozystay_1200x9999 size-cozystay_1200x9999 wp-post-image\" alt=\"Que fer a calella\" srcset=\"https:\/\/www.hotelbernatcalella.com\/wp-content\/uploads\/2026\/02\/Q-fer-a-Calella-1200x617.webp 1200w, https:\/\/www.hotelbernatcalella.com\/wp-content\/uploads\/2026\/02\/Q-fer-a-Calella-300x154.webp 300w, https:\/\/www.hotelbernatcalella.com\/wp-content\/uploads\/2026\/02\/Q-fer-a-Calella-1024x527.webp 1024w, https:\/\/www.hotelbernatcalella.com\/wp-content\/uploads\/2026\/02\/Q-fer-a-Calella-768x395.webp 768w, https:\/\/www.hotelbernatcalella.com\/wp-content\/uploads\/2026\/02\/Q-fer-a-Calella-1536x790.webp 1536w, https:\/\/www.hotelbernatcalella.com\/wp-content\/uploads\/2026\/02\/Q-fer-a-Calella-1920x988.webp 1920w, https:\/\/www.hotelbernatcalella.com\/wp-content\/uploads\/2026\/02\/Q-fer-a-Calella-1440x741.webp 1440w, https:\/\/www.hotelbernatcalella.com\/wp-content\/uploads\/2026\/02\/Q-fer-a-Calella-780x401.webp 780w, https:\/\/www.hotelbernatcalella.com\/wp-content\/uploads\/2026\/02\/Q-fer-a-Calella-600x309.webp 600w, https:\/\/www.hotelbernatcalella.com\/wp-content\/uploads\/2026\/02\/Q-fer-a-Calella-550x283.webp 550w, https:\/\/www.hotelbernatcalella.com\/wp-content\/uploads\/2026\/02\/Q-fer-a-Calella-370x190.webp 370w, https:\/\/www.hotelbernatcalella.com\/wp-content\/uploads\/2026\/02\/Q-fer-a-Calella-255x131.webp 255w, https:\/\/www.hotelbernatcalella.com\/wp-content\/uploads\/2026\/02\/Q-fer-a-Calella.webp 2000w\" sizes=\"(max-width: 1200px) 100vw, 1200px\" \/><\/a>        <\/div>\n\t<div class=\"post-content\">\n\t\t<header class=\"post-header\">    <h2 class=\"post-title\">\n        <a href=\"https:\/\/www.hotelbernatcalella.com\/ca\/calella-ca\/que-fer-a-calella-a-lhivern\/\">Qu\u00e8 fer a Calella a l&#8217;hivern<\/a>\n    <\/h2>\t\t<\/header>\t\t<div class=\"post-excerpt\"><p>Descobriu qu\u00e8 fer a Calella a l&#8217;hivern: passejades al costat del mar, senderisme, cultura, gastronomia local i relax per a una escapada tranquil\u00b7la.<\/p>\n<\/div>             <footer class=\"post-footer\">        <div class=\"more-btn\">\n            <a class=\"read-more-btn button cs-btn-underline\" href=\"https:\/\/www.hotelbernatcalella.com\/ca\/calella-ca\/que-fer-a-calella-a-lhivern\/\"><span>Llegeix m\u00e9s<\/span><\/a>\n        <\/div>            <\/footer>\t<\/div>\n<\/article>\n\t\t\t\t<\/div>\t\t\t\t<\/div>\t\t\t\t<\/div>\n\t\t\t\t<\/div>\n\t\t\t\t\t<\/div>\n\t\t\t\t<\/div>\n\t\t\t\t<\/div>\n\t\t                    <\/div>                <\/div>\n            <\/div>\t\t\t\t<\/div>\n\t\t\t\t<\/div>\n\t\t\t\t<div class=\"elementor-element elementor-element-965f145 elementor-widget elementor-widget-spacer\" data-id=\"965f145\" data-element_type=\"widget\" data-e-type=\"widget\" data-widget_type=\"spacer.default\">\n\t\t\t\t\t\t\t<div class=\"elementor-spacer\">\n\t\t\t<div class=\"elementor-spacer-inner\"><\/div>\n\t\t<\/div>\n\t\t\t\t\t\t<\/div>\n\t\t\t\t<\/div>\n\t\t\t\t<\/div>\n\t\t","protected":false},"excerpt":{"rendered":"<p>Vacances en fam\u00edlia a Calella Unes vacances en fam\u00edlia a Calella amb la millor companyia possible. T&#8217;hi apuntes? Vacances en fam\u00edlia a Calella L&#8217;Hotel Bernat II ha estat premiat amb el segell de Destinaci\u00f3 de Turisme Familiar.Si passes les vacances en fam\u00edlia a Calella amb nosaltres podr\u00e0s gaudir de diferents activitats, tant a l&#8217;hotel com &#8230;<\/p>\n","protected":false},"author":1,"featured_media":0,"parent":0,"menu_order":0,"comment_status":"closed","ping_status":"closed","template":"elementor_header_footer","meta":{"cozystay_single_page_hide_site_header":"","cozystay_single_page_site_header_source":"","cozystay_single_page_custom_site_header":"0","cozystay_single_page_custom_sticky_site_header":"0","cozystay_single_page_hide_page_title":"","cozystay_single_page_header_section_size":"","cozystay_single_page_header_background_color":"","cozystay_single_page_header_background_position_x":"center","cozystay_single_page_header_background_position_y":"center","cozystay_single_page_header_background_size":"cover","cozystay_single_page_header_background_repeat":"off","cozystay_single_page_header_background_scroll":"on","cozystay_single_page_header_text_color":"","cozystay_single_page_header_show_breadcrumb":"","cozystay_single_page_site_footer_hide_main":"","cozystay_single_custom_site_footer_main_source":"","cozystay_single_custom_site_footer_main":"0","cozystay_single_page_site_footer_hide_above":"","cozystay_single_custom_site_footer_above_source":"","cozystay_single_custom_site_footer_above":"0","cozystay_single_page_site_footer_hide_instagram":"","cozystay_single_page_site_footer_hide_bottom":"","cozystay_single_custom_mobile_menu_source":"","cozystay_single_custom_mobile_menu":"0","cozystay_single_custom_mobile_menu_animation":"","cozystay_single_custom_mobile_menu_width":"","cozystay_single_custom_mobile_menu_custom_width":375,"footnotes":""},"class_list":["post-10632","page","type-page","status-publish","hentry"],"yoast_head":"<!-- This site is optimized with the Yoast SEO plugin v27.1.1 - https:\/\/yoast.com\/product\/yoast-seo-wordpress\/ -->\n<title>Vacances en fam\u00edlia a Calella | Hotel Bernat II<\/title>\n<meta name=\"description\" content=\"Vacances en fam\u00edlia a Calella: Descobreix les activitats que pots fer en fam\u00edlia a Calella: miniclub, piscina, parcs...\" \/>\n<meta name=\"robots\" content=\"index, follow, max-snippet:-1, max-image-preview:large, max-video-preview:-1\" \/>\n<link rel=\"canonical\" href=\"https:\/\/www.hotelbernatcalella.com\/ca\/vacances-en-familia\/\" \/>\n<meta property=\"og:locale\" content=\"ca_ES\" \/>\n<meta property=\"og:type\" content=\"article\" \/>\n<meta property=\"og:title\" content=\"Vacances en fam\u00edlia a Calella | Hotel Bernat II\" \/>\n<meta property=\"og:description\" content=\"Vacances en fam\u00edlia a Calella: Descobreix les activitats que pots fer en fam\u00edlia a Calella: miniclub, piscina, parcs...\" \/>\n<meta property=\"og:url\" content=\"https:\/\/www.hotelbernatcalella.com\/ca\/vacances-en-familia\/\" \/>\n<meta property=\"og:site_name\" content=\"Hotel Bernat II\" \/>\n<meta property=\"article:modified_time\" content=\"2025-08-13T10:36:36+00:00\" \/>\n<meta property=\"og:image\" content=\"https:\/\/www.hotelbernatcalella.com\/wp-content\/uploads\/2025\/06\/miniclub-hotel-calella.webp\" \/>\n<meta name=\"twitter:card\" content=\"summary_large_image\" \/>\n<meta name=\"twitter:label1\" content=\"Temps estimat de lectura\" \/>\n\t<meta name=\"twitter:data1\" content=\"4 minuts\" \/>\n<script type=\"application\/ld+json\" class=\"yoast-schema-graph\">{\"@context\":\"https:\/\/schema.org\",\"@graph\":[{\"@type\":\"WebPage\",\"@id\":\"https:\/\/www.hotelbernatcalella.com\/ca\/vacances-en-familia\/\",\"url\":\"https:\/\/www.hotelbernatcalella.com\/ca\/vacances-en-familia\/\",\"name\":\"Vacances en fam\u00edlia a Calella | Hotel Bernat II\",\"isPartOf\":{\"@id\":\"https:\/\/hotelbernatcalella.com\/en\/#website\"},\"primaryImageOfPage\":{\"@id\":\"https:\/\/www.hotelbernatcalella.com\/ca\/vacances-en-familia\/#primaryimage\"},\"image\":{\"@id\":\"https:\/\/www.hotelbernatcalella.com\/ca\/vacances-en-familia\/#primaryimage\"},\"thumbnailUrl\":\"https:\/\/www.hotelbernatcalella.com\/wp-content\/uploads\/2025\/06\/miniclub-hotel-calella.webp\",\"datePublished\":\"2024-09-26T10:36:40+00:00\",\"dateModified\":\"2025-08-13T10:36:36+00:00\",\"description\":\"Vacances en fam\u00edlia a Calella: Descobreix les activitats que pots fer en fam\u00edlia a Calella: miniclub, piscina, parcs...\",\"breadcrumb\":{\"@id\":\"https:\/\/www.hotelbernatcalella.com\/ca\/vacances-en-familia\/#breadcrumb\"},\"inLanguage\":\"ca\",\"potentialAction\":[{\"@type\":\"ReadAction\",\"target\":[\"https:\/\/www.hotelbernatcalella.com\/ca\/vacances-en-familia\/\"]}]},{\"@type\":\"ImageObject\",\"inLanguage\":\"ca\",\"@id\":\"https:\/\/www.hotelbernatcalella.com\/ca\/vacances-en-familia\/#primaryimage\",\"url\":\"https:\/\/www.hotelbernatcalella.com\/wp-content\/uploads\/2025\/06\/miniclub-hotel-calella.webp\",\"contentUrl\":\"https:\/\/www.hotelbernatcalella.com\/wp-content\/uploads\/2025\/06\/miniclub-hotel-calella.webp\"},{\"@type\":\"BreadcrumbList\",\"@id\":\"https:\/\/www.hotelbernatcalella.com\/ca\/vacances-en-familia\/#breadcrumb\",\"itemListElement\":[{\"@type\":\"ListItem\",\"position\":1,\"name\":\"Portada\",\"item\":\"https:\/\/hotelbernatcalella.com\/ca\/\"},{\"@type\":\"ListItem\",\"position\":2,\"name\":\"Vacances en Fam\u00edlia\"}]},{\"@type\":\"WebSite\",\"@id\":\"https:\/\/hotelbernatcalella.com\/en\/#website\",\"url\":\"https:\/\/hotelbernatcalella.com\/en\/\",\"name\":\"Hotel Bernat II & Spa Calella\",\"description\":\"Hotel en Calella\",\"alternateName\":\"Hotel Bernat II & Spa\",\"potentialAction\":[{\"@type\":\"SearchAction\",\"target\":{\"@type\":\"EntryPoint\",\"urlTemplate\":\"https:\/\/hotelbernatcalella.com\/en\/?s={search_term_string}\"},\"query-input\":{\"@type\":\"PropertyValueSpecification\",\"valueRequired\":true,\"valueName\":\"search_term_string\"}}],\"inLanguage\":\"ca\"}]}<\/script>\n<!-- \/ Yoast SEO plugin. -->","yoast_head_json":{"title":"Vacances en fam\u00edlia a Calella | Hotel Bernat II","description":"Vacances en fam\u00edlia a Calella: Descobreix les activitats que pots fer en fam\u00edlia a Calella: miniclub, piscina, parcs...","robots":{"index":"index","follow":"follow","max-snippet":"max-snippet:-1","max-image-preview":"max-image-preview:large","max-video-preview":"max-video-preview:-1"},"canonical":"https:\/\/www.hotelbernatcalella.com\/ca\/vacances-en-familia\/","og_locale":"ca_ES","og_type":"article","og_title":"Vacances en fam\u00edlia a Calella | Hotel Bernat II","og_description":"Vacances en fam\u00edlia a Calella: Descobreix les activitats que pots fer en fam\u00edlia a Calella: miniclub, piscina, parcs...","og_url":"https:\/\/www.hotelbernatcalella.com\/ca\/vacances-en-familia\/","og_site_name":"Hotel Bernat II","article_modified_time":"2025-08-13T10:36:36+00:00","og_image":[{"url":"https:\/\/www.hotelbernatcalella.com\/wp-content\/uploads\/2025\/06\/miniclub-hotel-calella.webp","type":"","width":"","height":""}],"twitter_card":"summary_large_image","twitter_misc":{"Temps estimat de lectura":"4 minuts"},"schema":{"@context":"https:\/\/schema.org","@graph":[{"@type":"WebPage","@id":"https:\/\/www.hotelbernatcalella.com\/ca\/vacances-en-familia\/","url":"https:\/\/www.hotelbernatcalella.com\/ca\/vacances-en-familia\/","name":"Vacances en fam\u00edlia a Calella | Hotel Bernat II","isPartOf":{"@id":"https:\/\/hotelbernatcalella.com\/en\/#website"},"primaryImageOfPage":{"@id":"https:\/\/www.hotelbernatcalella.com\/ca\/vacances-en-familia\/#primaryimage"},"image":{"@id":"https:\/\/www.hotelbernatcalella.com\/ca\/vacances-en-familia\/#primaryimage"},"thumbnailUrl":"https:\/\/www.hotelbernatcalella.com\/wp-content\/uploads\/2025\/06\/miniclub-hotel-calella.webp","datePublished":"2024-09-26T10:36:40+00:00","dateModified":"2025-08-13T10:36:36+00:00","description":"Vacances en fam\u00edlia a Calella: Descobreix les activitats que pots fer en fam\u00edlia a Calella: miniclub, piscina, parcs...","breadcrumb":{"@id":"https:\/\/www.hotelbernatcalella.com\/ca\/vacances-en-familia\/#breadcrumb"},"inLanguage":"ca","potentialAction":[{"@type":"ReadAction","target":["https:\/\/www.hotelbernatcalella.com\/ca\/vacances-en-familia\/"]}]},{"@type":"ImageObject","inLanguage":"ca","@id":"https:\/\/www.hotelbernatcalella.com\/ca\/vacances-en-familia\/#primaryimage","url":"https:\/\/www.hotelbernatcalella.com\/wp-content\/uploads\/2025\/06\/miniclub-hotel-calella.webp","contentUrl":"https:\/\/www.hotelbernatcalella.com\/wp-content\/uploads\/2025\/06\/miniclub-hotel-calella.webp"},{"@type":"BreadcrumbList","@id":"https:\/\/www.hotelbernatcalella.com\/ca\/vacances-en-familia\/#breadcrumb","itemListElement":[{"@type":"ListItem","position":1,"name":"Portada","item":"https:\/\/hotelbernatcalella.com\/ca\/"},{"@type":"ListItem","position":2,"name":"Vacances en Fam\u00edlia"}]},{"@type":"WebSite","@id":"https:\/\/hotelbernatcalella.com\/en\/#website","url":"https:\/\/hotelbernatcalella.com\/en\/","name":"Hotel Bernat II & Spa Calella","description":"Hotel en Calella","alternateName":"Hotel Bernat II & Spa","potentialAction":[{"@type":"SearchAction","target":{"@type":"EntryPoint","urlTemplate":"https:\/\/hotelbernatcalella.com\/en\/?s={search_term_string}"},"query-input":{"@type":"PropertyValueSpecification","valueRequired":true,"valueName":"search_term_string"}}],"inLanguage":"ca"}]}},"_links":{"self":[{"href":"https:\/\/www.hotelbernatcalella.com\/ca\/wp-json\/wp\/v2\/pages\/10632","targetHints":{"allow":["GET"]}}],"collection":[{"href":"https:\/\/www.hotelbernatcalella.com\/ca\/wp-json\/wp\/v2\/pages"}],"about":[{"href":"https:\/\/www.hotelbernatcalella.com\/ca\/wp-json\/wp\/v2\/types\/page"}],"author":[{"embeddable":true,"href":"https:\/\/www.hotelbernatcalella.com\/ca\/wp-json\/wp\/v2\/users\/1"}],"replies":[{"embeddable":true,"href":"https:\/\/www.hotelbernatcalella.com\/ca\/wp-json\/wp\/v2\/comments?post=10632"}],"version-history":[{"count":0,"href":"https:\/\/www.hotelbernatcalella.com\/ca\/wp-json\/wp\/v2\/pages\/10632\/revisions"}],"wp:attachment":[{"href":"https:\/\/www.hotelbernatcalella.com\/ca\/wp-json\/wp\/v2\/media?parent=10632"}],"curies":[{"name":"wp","href":"https:\/\/api.w.org\/{rel}","templated":true}]}}